{"id":3135,"date":"2025-09-25T09:24:43","date_gmt":"2025-09-25T07:24:43","guid":{"rendered":"https:\/\/hotelflanelles.fr\/?page_id=3135"},"modified":"2025-09-30T14:57:17","modified_gmt":"2025-09-30T12:57:17","slug":"hotel-gare-du-nord","status":"publish","type":"page","link":"https:\/\/hotelflanelles.fr\/en\/hotel-gare-du-nord\/","title":{"rendered":"H\u00f4tel gare du Nord"},"content":{"rendered":"\t\t<div data-elementor-type=\"wp-page\" data-elementor-id=\"3135\" class=\"elementor elementor-3135\" data-elementor-post-type=\"page\">\n\t\t\t\t<div data-dce-background-image-url=\"https:\/\/hotelflanelles.fr\/wp-content\/uploads\/2023\/07\/FLANELLESPARIS_ROOM_SUITE.jpeg\" class=\"elementor-element elementor-element-d1ab843 e-flex e-con-boxed e-con e-parent\" data-id=\"d1ab843\" data-element_type=\"container\" data-e-type=\"container\" data-settings=\"{&quot;background_background&quot;:&quot;classic&quot;,&quot;jet_parallax_layout_list&quot;:[]}\">\n\t\t\t\t\t<div class=\"e-con-inner\">\n\t\t<div class=\"elementor-element elementor-element-78e1c21 e-con-full e-flex e-con e-child\" data-id=\"78e1c21\" data-element_type=\"container\" data-e-type=\"container\" data-settings=\"{&quot;jet_parallax_layout_list&quot;:[]}\">\n\t\t\t\t<div class=\"elementor-element elementor-element-575ff3c elementor-widget elementor-widget-heading\" data-id=\"575ff3c\" data-element_type=\"widget\" data-e-type=\"widget\" data-widget_type=\"heading.default\">\n\t\t\t\t<div class=\"elementor-widget-container\">\n\t\t\t\t\t<p class=\"elementor-heading-title elementor-size-default\">H\u00f4tel gare du Nord<\/p>\t\t\t\t<\/div>\n\t\t\t\t<\/div>\n\t\t\t\t<div class=\"elementor-element elementor-element-0e9e1a5 elementor-widget elementor-widget-heading\" data-id=\"0e9e1a5\" data-element_type=\"widget\" data-e-type=\"widget\" data-widget_type=\"heading.default\">\n\t\t\t\t<div class=\"elementor-widget-container\">\n\t\t\t\t\t<h1 class=\"elementor-heading-title elementor-size-default\">H\u00f4tel vers la gare du Nord \u00e0 Paris<\/h1>\t\t\t\t<\/div>\n\t\t\t\t<\/div>\n\t\t\t\t<\/div>\n\t\t\t\t\t<\/div>\n\t\t\t\t<\/div>\n\t\t<div class=\"elementor-element elementor-element-5bf51d1 e-flex e-con-boxed e-con e-parent\" data-id=\"5bf51d1\" data-element_type=\"container\" data-e-type=\"container\" data-settings=\"{&quot;jet_parallax_layout_list&quot;:[],&quot;background_background&quot;:&quot;classic&quot;}\">\n\t\t\t\t\t<div class=\"e-con-inner\">\n\t\t<div class=\"elementor-element elementor-element-782165b e-con-full e-flex e-con e-child\" data-id=\"782165b\" data-element_type=\"container\" data-e-type=\"container\" data-settings=\"{&quot;jet_parallax_layout_list&quot;:[]}\">\n\t\t\t\t<div class=\"elementor-element elementor-element-e649a39 elementor-widget elementor-widget-heading\" data-id=\"e649a39\" data-element_type=\"widget\" data-e-type=\"widget\" data-widget_type=\"heading.default\">\n\t\t\t\t<div class=\"elementor-widget-container\">\n\t\t\t\t\t<h2 class=\"elementor-heading-title elementor-size-default\">Les services de notre h\u00f4tel gare du Nord \u00e0 Paris<\/h2>\t\t\t\t<\/div>\n\t\t\t\t<\/div>\n\t\t\t\t<div class=\"elementor-element elementor-element-b86c132 elementor-widget elementor-widget-heading\" data-id=\"b86c132\" data-element_type=\"widget\" data-e-type=\"widget\" data-widget_type=\"heading.default\">\n\t\t\t\t<div class=\"elementor-widget-container\">\n\t\t\t\t\t<p class=\"elementor-heading-title elementor-size-default\">L\u2019accueil chaleureux sign\u00e9 Flanelle<\/p>\t\t\t\t<\/div>\n\t\t\t\t<\/div>\n\t\t\t\t<div class=\"elementor-element elementor-element-8bf0a57 elementor-widget elementor-widget-text-editor\" data-id=\"8bf0a57\" data-element_type=\"widget\" data-e-type=\"widget\" data-widget_type=\"text-editor.default\">\n\t\t\t\t<div class=\"elementor-widget-container\">\n\t\t\t\t\t\t\t\t\t<p>\u00c0 quelques pas de la gare du Nord, l\u2019H\u00f4tel Flanelle vous accueille dans une atmosph\u00e8re \u00e9l\u00e9gante et chaleureuse d\u00e8s votre arriv\u00e9e. Notre personnel multilingue est \u00e0 votre disposition 24h\/24, tout comme notre service de conciergerie disponible en continu, pour r\u00e9pondre \u00e0 toutes vos demandes. Notre h\u00f4tel proche de la gare du Nord dispose d\u2019un Wi-Fi haut d\u00e9bit, id\u00e9al pour travailler en toute tranquillit\u00e9 ou profiter d\u2019un moment de d\u00e9tente devant un film, confortablement install\u00e9.<\/p>\t\t\t\t\t\t\t\t<\/div>\n\t\t\t\t<\/div>\n\t\t\t\t<\/div>\n\t\t\t\t\t<\/div>\n\t\t\t\t<\/div>\n\t\t<div class=\"elementor-element elementor-element-eb124ae e-flex e-con-boxed e-con e-parent\" data-id=\"eb124ae\" data-element_type=\"container\" data-e-type=\"container\" data-settings=\"{&quot;jet_parallax_layout_list&quot;:[]}\">\n\t\t\t\t\t<div class=\"e-con-inner\">\n\t\t<div class=\"elementor-element elementor-element-89cab70 e-con-full e-flex e-con e-child\" data-id=\"89cab70\" data-element_type=\"container\" data-e-type=\"container\" data-settings=\"{&quot;jet_parallax_layout_list&quot;:[]}\">\n\t\t\t\t<div class=\"elementor-element elementor-element-647c1ee elementor-widget elementor-widget-heading\" data-id=\"647c1ee\" data-element_type=\"widget\" data-e-type=\"widget\" data-widget_type=\"heading.default\">\n\t\t\t\t<div class=\"elementor-widget-container\">\n\t\t\t\t\t<p class=\"elementor-heading-title elementor-size-default\">La promesse d\u2019un confort sans compromis<\/p>\t\t\t\t<\/div>\n\t\t\t\t<\/div>\n\t\t\t\t<div class=\"elementor-element elementor-element-affc605 elementor-widget elementor-widget-text-editor\" data-id=\"affc605\" data-element_type=\"widget\" data-e-type=\"widget\" data-widget_type=\"text-editor.default\">\n\t\t\t\t<div class=\"elementor-widget-container\">\n\t\t\t\t\t\t\t\t\tPour garantir votre bien-\u00eatre, notre \u00e9tablissement est enti\u00e8rement climatis\u00e9, afin de vous offrir un confort optimal m\u00eame en p\u00e9riode de forte chaleur. D\u00e8s le r\u00e9veil, profitez d\u2019un petit d\u00e9jeuner buffet g\u00e9n\u00e9reux, ou laissez-vous tenter par notre room service disponible 24h\/24, proposant des plats de saison \u00e0 savourer en toute tranquillit\u00e9. Et parce que vos compagnons \u00e0 quatre pattes font partie de la famille, ils sont les bienvenus. Un suppl\u00e9ment sera simplement ajout\u00e9 \u00e0 votre r\u00e9servation pour leur garantir un accueil tout en douceur.\t\t\t\t\t\t\t\t<\/div>\n\t\t\t\t<\/div>\n\t\t\t\t<div class=\"elementor-element elementor-element-8231c09 bouton elementor-widget elementor-widget-button\" data-id=\"8231c09\" data-element_type=\"widget\" data-e-type=\"widget\" data-widget_type=\"button.default\">\n\t\t\t\t<div class=\"elementor-widget-container\">\n\t\t\t\t\t\t\t\t\t<div class=\"elementor-button-wrapper\">\n\t\t\t\t\t<a class=\"elementor-button elementor-button-link elementor-size-sm\" href=\"https:\/\/app.mews.com\/distributor\/89aaa563-2e1b-44f7-ab49-aff9007a0028\">\n\t\t\t\t\t\t<span class=\"elementor-button-content-wrapper\">\n\t\t\t\t\t\t\t\t\t<span class=\"elementor-button-text\">R\u00e9server une chambre<\/span>\n\t\t\t\t\t<\/span>\n\t\t\t\t\t<\/a>\n\t\t\t\t<\/div>\n\t\t\t\t\t\t\t\t<\/div>\n\t\t\t\t<\/div>\n\t\t\t\t<\/div>\n\t\t<div class=\"elementor-element elementor-element-207ce01 e-con-full e-flex e-con e-child\" data-id=\"207ce01\" data-element_type=\"container\" data-e-type=\"container\" data-settings=\"{&quot;jet_parallax_layout_list&quot;:[]}\">\n\t\t\t\t<div class=\"elementor-element elementor-element-750f14b elementor-widget elementor-widget-image\" data-id=\"750f14b\" data-element_type=\"widget\" data-e-type=\"widget\" data-widget_type=\"image.default\">\n\t\t\t\t<div class=\"elementor-widget-container\">\n\t\t\t\t\t\t\t\t\t\t\t\t\t\t\t<img fetchpriority=\"high\" decoding=\"async\" width=\"1205\" height=\"1920\" src=\"https:\/\/hotelflanelles.fr\/wp-content\/uploads\/2023\/07\/FLANELLESPARIS_HOTEL_DETAILS.jpeg\" class=\"attachment-2048x2048 size-2048x2048 wp-image-1410\" alt=\"S\u00e9jour \u00e0 l&#039;h\u00f4tel avec brunch chic et d\u00e9jeuner \u00e0 Paris 10\u00e8me\" srcset=\"https:\/\/hotelflanelles.fr\/wp-content\/uploads\/2023\/07\/FLANELLESPARIS_HOTEL_DETAILS.jpeg 1205w, https:\/\/hotelflanelles.fr\/wp-content\/uploads\/2023\/07\/FLANELLESPARIS_HOTEL_DETAILS-188x300.jpeg 188w, https:\/\/hotelflanelles.fr\/wp-content\/uploads\/2023\/07\/FLANELLESPARIS_HOTEL_DETAILS-643x1024.jpeg 643w, https:\/\/hotelflanelles.fr\/wp-content\/uploads\/2023\/07\/FLANELLESPARIS_HOTEL_DETAILS-768x1224.jpeg 768w, https:\/\/hotelflanelles.fr\/wp-content\/uploads\/2023\/07\/FLANELLESPARIS_HOTEL_DETAILS-964x1536.jpeg 964w, https:\/\/hotelflanelles.fr\/wp-content\/uploads\/2023\/07\/FLANELLESPARIS_HOTEL_DETAILS-8x12.jpeg 8w\" sizes=\"(max-width: 1205px) 100vw, 1205px\" \/>\t\t\t\t\t\t\t\t\t\t\t\t\t\t\t<\/div>\n\t\t\t\t<\/div>\n\t\t\t\t<\/div>\n\t\t\t\t\t<\/div>\n\t\t\t\t<\/div>\n\t\t<div class=\"elementor-element elementor-element-8b9f18f e-con-full marge elementor-hidden-tablet elementor-hidden-mobile e-flex e-con e-parent\" data-id=\"8b9f18f\" data-element_type=\"container\" data-e-type=\"container\" data-settings=\"{&quot;jet_parallax_layout_list&quot;:[],&quot;background_background&quot;:&quot;classic&quot;}\">\n\t\t<div class=\"elementor-element elementor-element-3981b8e e-con-full e-flex e-con e-child\" data-id=\"3981b8e\" data-element_type=\"container\" data-e-type=\"container\" data-settings=\"{&quot;jet_parallax_layout_list&quot;:[],&quot;background_background&quot;:&quot;classic&quot;}\">\n\t\t\t\t<div data-dce-title-color=\"#E07C00\" class=\"elementor-element elementor-element-4615831 elementor-widget elementor-widget-heading\" data-id=\"4615831\" data-element_type=\"widget\" data-e-type=\"widget\" data-widget_type=\"heading.default\">\n\t\t\t\t<div class=\"elementor-widget-container\">\n\t\t\t\t\t<h2 class=\"elementor-heading-title elementor-size-default\">Nos chambres d\u2019h\u00f4tel proche de la gare du Nord \u00e0 Paris<\/h2>\t\t\t\t<\/div>\n\t\t\t\t<\/div>\n\t\t\t\t<div data-dce-title-color=\"#797F77\" class=\"elementor-element elementor-element-af5583a elementor-widget elementor-widget-heading\" data-id=\"af5583a\" data-element_type=\"widget\" data-e-type=\"widget\" data-widget_type=\"heading.default\">\n\t\t\t\t<div class=\"elementor-widget-container\">\n\t\t\t\t\t<p class=\"elementor-heading-title elementor-size-default\">Des chambres \u00e9l\u00e9gantes pour chaque envie<\/p>\t\t\t\t<\/div>\n\t\t\t\t<\/div>\n\t\t\t\t<div class=\"elementor-element elementor-element-c066abf elementor-widget elementor-widget-text-editor\" data-id=\"c066abf\" data-element_type=\"widget\" data-e-type=\"widget\" data-widget_type=\"text-editor.default\">\n\t\t\t\t<div class=\"elementor-widget-container\">\n\t\t\t\t\t\t\t\t\t<p>L\u2019h\u00f4tel Flanelles, un h\u00f4tel proche de la gare du Nord \u00e0 Paris, vous propose une large s\u00e9lection de chambres diff\u00e9rentes en fonction de vos besoins ! Id\u00e9ales pour tous les types de s\u00e9jours \u00e0 Paris, nos chambres allient confort et fonctionnalit\u00e9 \u00e0 deux pas de la gare du Nord.<\/p>\t\t\t\t\t\t\t\t<\/div>\n\t\t\t\t<\/div>\n\t\t\t\t<div class=\"elementor-element elementor-element-a168ef9 elementor-widget__width-initial elementor-icon-list--layout-traditional elementor-list-item-link-full_width elementor-widget elementor-widget-icon-list\" data-id=\"a168ef9\" data-element_type=\"widget\" data-e-type=\"widget\" data-widget_type=\"icon-list.default\">\n\t\t\t\t<div class=\"elementor-widget-container\">\n\t\t\t\t\t\t\t<ul class=\"elementor-icon-list-items\">\n\t\t\t\t\t\t\t<li class=\"elementor-icon-list-item\">\n\t\t\t\t\t\t\t\t\t\t\t<span class=\"elementor-icon-list-icon\">\n\t\t\t\t\t\t\t<i aria-hidden=\"true\" class=\"fas fa-check\"><\/i>\t\t\t\t\t\t<\/span>\n\t\t\t\t\t\t\t\t\t\t<span class=\"elementor-icon-list-text\">La Chambre Single, con\u00e7ue pour une personne, offre tout le n\u00e9cessaire pour un s\u00e9jour en toute s\u00e9r\u00e9nit\u00e9 : t\u00e9l\u00e9vision, dressing et coffre-fort.<\/span>\n\t\t\t\t\t\t\t\t\t<\/li>\n\t\t\t\t\t\t\t\t<li class=\"elementor-icon-list-item\">\n\t\t\t\t\t\t\t\t\t\t\t<span class=\"elementor-icon-list-icon\">\n\t\t\t\t\t\t\t<i aria-hidden=\"true\" class=\"fas fa-check\"><\/i>\t\t\t\t\t\t<\/span>\n\t\t\t\t\t\t\t\t\t\t<span class=\"elementor-icon-list-text\">Les Chambres Classiques, pour deux personnes, invitent \u00e0 la d\u00e9tente, tandis que la Classique avec balcon offre le privil\u00e8ge d\u2019un espace ext\u00e9rieur priv\u00e9, id\u00e9al pour admirer la ville depuis votre chambre.<\/span>\n\t\t\t\t\t\t\t\t\t<\/li>\n\t\t\t\t\t\t\t\t<li class=\"elementor-icon-list-item\">\n\t\t\t\t\t\t\t\t\t\t\t<span class=\"elementor-icon-list-icon\">\n\t\t\t\t\t\t\t<i aria-hidden=\"true\" class=\"fas fa-check\"><\/i>\t\t\t\t\t\t<\/span>\n\t\t\t\t\t\t\t\t\t\t<span class=\"elementor-icon-list-text\">Les Chambres Sup\u00e9rieures allient confort exceptionnel et \u00e9l\u00e9gance, avec des options vari\u00e9es : balcon avec vue sur Paris, ou configuration avec lits jumeaux. Chaque d\u00e9tail a \u00e9t\u00e9 pens\u00e9 pour rendre votre s\u00e9jour m\u00e9morable et raffin\u00e9.<\/span>\n\t\t\t\t\t\t\t\t\t<\/li>\n\t\t\t\t\t\t<\/ul>\n\t\t\t\t\t\t<\/div>\n\t\t\t\t<\/div>\n\t\t\t\t<\/div>\n\t\t<div class=\"elementor-element elementor-element-b1e6bda e-con-full e-flex e-con e-child\" data-id=\"b1e6bda\" data-element_type=\"container\" data-e-type=\"container\" data-settings=\"{&quot;jet_parallax_layout_list&quot;:[]}\">\n\t\t\t\t<div class=\"elementor-element elementor-element-719972c elementor-widget elementor-widget-image-carousel\" data-id=\"719972c\" data-element_type=\"widget\" data-e-type=\"widget\" data-settings=\"{&quot;slides_to_show&quot;:&quot;2&quot;,&quot;slides_to_show_tablet&quot;:&quot;1&quot;,&quot;slides_to_show_mobile&quot;:&quot;3&quot;,&quot;navigation&quot;:&quot;none&quot;,&quot;lazyload&quot;:&quot;yes&quot;,&quot;autoplay&quot;:&quot;yes&quot;,&quot;pause_on_hover&quot;:&quot;yes&quot;,&quot;pause_on_interaction&quot;:&quot;yes&quot;,&quot;autoplay_speed&quot;:5000,&quot;infinite&quot;:&quot;yes&quot;,&quot;speed&quot;:500,&quot;image_spacing_custom&quot;:{&quot;unit&quot;:&quot;px&quot;,&quot;size&quot;:20,&quot;sizes&quot;:[]},&quot;image_spacing_custom_mobile&quot;:{&quot;unit&quot;:&quot;px&quot;,&quot;size&quot;:&quot;&quot;,&quot;sizes&quot;:[]}}\" data-widget_type=\"image-carousel.default\">\n\t\t\t\t<div class=\"elementor-widget-container\">\n\t\t\t\t\t\t\t<div class=\"elementor-image-carousel-wrapper swiper\" role=\"region\" aria-roledescription=\"carousel\" aria-label=\"Carrousel d\u2019images\" dir=\"ltr\">\n\t\t\t<div class=\"elementor-image-carousel swiper-wrapper\" aria-live=\"off\">\n\t\t\t\t\t\t\t\t<div class=\"swiper-slide\" role=\"group\" aria-roledescription=\"slide\" aria-label=\"1 sur 7\"><figure class=\"swiper-slide-inner\"><img class=\"swiper-slide-image swiper-lazy\" data-src=\"https:\/\/hotelflanelles.fr\/wp-content\/uploads\/elementor\/thumbs\/57FLANELLES-TRI23-079596-1-q9vxzzzg6wx2ta9wf7rz6f7j3ft6x3v92dg62cwmc0.jpeg\" alt=\"Hotel avec terrasse et restaurant \u00e0 Paris 10\u00e8me\" \/><div class=\"swiper-lazy-preloader\"><\/div><\/figure><\/div><div class=\"swiper-slide\" role=\"group\" aria-roledescription=\"slide\" aria-label=\"2 sur 7\"><figure class=\"swiper-slide-inner\"><img class=\"swiper-slide-image swiper-lazy\" data-src=\"https:\/\/hotelflanelles.fr\/wp-content\/uploads\/elementor\/thumbs\/34FLANELLES-TRI23-079540-1-q9xcfbqf69yp25eu6wfhnbx82saql8l5zekq6daxhs.jpeg\" alt=\"H\u00f4tel avec brunch et d\u00e9jeuner buffet \u00e0 Paris\" \/><div class=\"swiper-lazy-preloader\"><\/div><\/figure><\/div><div class=\"swiper-slide\" role=\"group\" aria-roledescription=\"slide\" aria-label=\"3 sur 7\"><figure class=\"swiper-slide-inner\"><img class=\"swiper-slide-image swiper-lazy\" data-src=\"https:\/\/hotelflanelles.fr\/wp-content\/uploads\/elementor\/thumbs\/51FLANELLES-TRI24-021704-1-ql8ksz1b0karswqqryop9hml9v6251dtgf9dtq20i8.jpeg\" alt=\"Hotel 10\u00e8me arrondissement Paris proche de la Gare du Nord\" \/><div class=\"swiper-lazy-preloader\"><\/div><\/figure><\/div><div class=\"swiper-slide\" role=\"group\" aria-roledescription=\"slide\" aria-label=\"4 sur 7\"><figure class=\"swiper-slide-inner\"><img class=\"swiper-slide-image swiper-lazy\" data-src=\"https:\/\/hotelflanelles.fr\/wp-content\/uploads\/elementor\/thumbs\/26FLANELLES-TRI24-021532-1-ql8l3kns3at6qlcevjn8dtbqgax2y5gu8w4io2c6c0.jpeg\" alt=\"R\u00e9server un h\u00f4tel proche de la Gare du Nord Paris\" \/><div class=\"swiper-lazy-preloader\"><\/div><\/figure><\/div><div class=\"swiper-slide\" role=\"group\" aria-roledescription=\"slide\" aria-label=\"5 sur 7\"><figure class=\"swiper-slide-inner\"><img class=\"swiper-slide-image swiper-lazy\" data-src=\"https:\/\/hotelflanelles.fr\/wp-content\/uploads\/elementor\/thumbs\/54FLANELLES-TRI24-021710-1-1-ql90oyrnw5baufw3qpkq2nditxw16b5kfive6fyg40.jpeg\" alt=\"Hotel avec terrasse et brunch \u00e0 Paris Gare de l&#039;Est\" \/><div class=\"swiper-lazy-preloader\"><\/div><\/figure><\/div><div class=\"swiper-slide\" role=\"group\" aria-roledescription=\"slide\" aria-label=\"6 sur 7\"><figure class=\"swiper-slide-inner\"><img class=\"swiper-slide-image swiper-lazy\" data-src=\"https:\/\/hotelflanelles.fr\/wp-content\/uploads\/elementor\/thumbs\/75FLANELLES-TRI24-021618-1-1-ql90wm6dilsbc6s22imev7vkvu6ktmix5e0nsim3gw.jpeg\" alt=\"R\u00e9server un hotel de luxe \u00e0 Paris proche de la Gare du Nord\" \/><div class=\"swiper-lazy-preloader\"><\/div><\/figure><\/div><div class=\"swiper-slide\" role=\"group\" aria-roledescription=\"slide\" aria-label=\"7 sur 7\"><figure class=\"swiper-slide-inner\"><img class=\"swiper-slide-image swiper-lazy\" data-src=\"https:\/\/hotelflanelles.fr\/wp-content\/uploads\/elementor\/thumbs\/32FLANELLES-TRI23-079534-1-q9xccha0hc2fwnjnt655ljrzbsbqa8af9bgsv7iuc0.jpeg\" alt=\"R\u00e9server un h\u00f4tel dans le 10\u00e8me arrondissement avec petit d\u00e9jeuner \u00e0 volont\u00e9\" \/><div class=\"swiper-lazy-preloader\"><\/div><\/figure><\/div>\t\t\t<\/div>\n\t\t\t\t\t\t\t\n\t\t\t\t\t\t\t\t\t<\/div>\n\t\t\t\t\t\t<\/div>\n\t\t\t\t<\/div>\n\t\t\t\t<\/div>\n\t\t\t\t<\/div>\n\t\t<div class=\"elementor-element elementor-element-2e56152 e-flex e-con-boxed e-con e-parent\" data-id=\"2e56152\" data-element_type=\"container\" data-e-type=\"container\" data-settings=\"{&quot;jet_parallax_layout_list&quot;:[]}\">\n\t\t\t\t\t<div class=\"e-con-inner\">\n\t\t<div class=\"elementor-element elementor-element-b8dcef3 e-con-full e-flex e-con e-child\" data-id=\"b8dcef3\" data-element_type=\"container\" data-e-type=\"container\" data-settings=\"{&quot;jet_parallax_layout_list&quot;:[]}\">\n\t\t\t\t<div data-dce-title-color=\"#E07C00\" class=\"elementor-element elementor-element-54c8f38 elementor-widget elementor-widget-heading\" data-id=\"54c8f38\" data-element_type=\"widget\" data-e-type=\"widget\" data-widget_type=\"heading.default\">\n\t\t\t\t<div class=\"elementor-widget-container\">\n\t\t\t\t\t<h2 class=\"elementor-heading-title elementor-size-default\">Comment r\u00e9server un h\u00f4tel vers gare du Nord Paris ? <\/h2>\t\t\t\t<\/div>\n\t\t\t\t<\/div>\n\t\t\t\t<div data-dce-title-color=\"#797F77\" class=\"elementor-element elementor-element-3b0c05a elementor-widget elementor-widget-heading\" data-id=\"3b0c05a\" data-element_type=\"widget\" data-e-type=\"widget\" data-widget_type=\"heading.default\">\n\t\t\t\t<div class=\"elementor-widget-container\">\n\t\t\t\t\t<p class=\"elementor-heading-title elementor-size-default\">Une r\u00e9servation en toute simplicit\u00e9<\/p>\t\t\t\t<\/div>\n\t\t\t\t<\/div>\n\t\t\t\t<div class=\"elementor-element elementor-element-eccddd0 elementor-widget elementor-widget-text-editor\" data-id=\"eccddd0\" data-element_type=\"widget\" data-e-type=\"widget\" data-widget_type=\"text-editor.default\">\n\t\t\t\t<div class=\"elementor-widget-container\">\n\t\t\t\t\t\t\t\t\t<p>R\u00e9server votre chambre classique ou \u00e0 lits jumeaux \u00e0 l\u2019H\u00f4tel Flanelle est simple et rapide. S\u00e9lectionnez vos dates, pr\u00e9cisez le nombre d\u2019adultes et d\u2019enfants, puis choisissez la chambre qui correspond le mieux \u00e0 vos besoins. Vous pourrez personnaliser votre s\u00e9jour avec des options telles que d\u00e9part tardif, enregistrement anticip\u00e9, petit-d\u00e9jeuner, d\u00eener ou accueil d\u2019un animal de compagnie. Un r\u00e9capitulatif complet vous permet de v\u00e9rifier votre r\u00e9servation avant de finaliser votre paiement en quelques clics.<\/p><p>Le jour de votre arriv\u00e9e, rejoignez l\u2019h\u00f4tel en toute s\u00e9r\u00e9nit\u00e9 et profitez d\u2019un s\u00e9jour raffin\u00e9 au c\u0153ur de Paris, dans une atmosph\u00e8re chaleureuse et un quartier anim\u00e9.<\/p>\t\t\t\t\t\t\t\t<\/div>\n\t\t\t\t<\/div>\n\t\t\t\t<div class=\"elementor-element elementor-element-4fc6595 bouton elementor-widget elementor-widget-button\" data-id=\"4fc6595\" data-element_type=\"widget\" data-e-type=\"widget\" data-widget_type=\"button.default\">\n\t\t\t\t<div class=\"elementor-widget-container\">\n\t\t\t\t\t\t\t\t\t<div class=\"elementor-button-wrapper\">\n\t\t\t\t\t<a class=\"elementor-button elementor-button-link elementor-size-sm\" href=\"https:\/\/app.mews.com\/distributor\/89aaa563-2e1b-44f7-ab49-aff9007a0028\">\n\t\t\t\t\t\t<span class=\"elementor-button-content-wrapper\">\n\t\t\t\t\t\t\t\t\t<span class=\"elementor-button-text\">R\u00e9server une chambre<\/span>\n\t\t\t\t\t<\/span>\n\t\t\t\t\t<\/a>\n\t\t\t\t<\/div>\n\t\t\t\t\t\t\t\t<\/div>\n\t\t\t\t<\/div>\n\t\t\t\t<\/div>\n\t\t\t\t\t<\/div>\n\t\t\t\t<\/div>\n\t\t<div class=\"elementor-element elementor-element-13d850f e-con-full overflow e-flex e-con e-parent\" data-id=\"13d850f\" data-element_type=\"container\" data-e-type=\"container\" data-settings=\"{&quot;jet_parallax_layout_list&quot;:[]}\">\n\t\t<div class=\"elementor-element elementor-element-51b1736 e-con-full elementor-hidden-tablet elementor-hidden-mobile e-flex e-con e-child\" data-id=\"51b1736\" data-element_type=\"container\" data-e-type=\"container\" data-settings=\"{&quot;jet_parallax_layout_list&quot;:[]}\">\n\t\t\t\t<div class=\"elementor-element elementor-element-81b3658 elementor-widget elementor-widget-image\" data-id=\"81b3658\" data-element_type=\"widget\" data-e-type=\"widget\" data-settings=\"{&quot;motion_fx_motion_fx_scrolling&quot;:&quot;yes&quot;,&quot;motion_fx_devices&quot;:[&quot;desktop&quot;,&quot;tablet&quot;],&quot;enabled_reveal&quot;:&quot;yes&quot;,&quot;reveal_direction&quot;:&quot;lr&quot;,&quot;reveal_speed&quot;:{&quot;unit&quot;:&quot;px&quot;,&quot;size&quot;:7,&quot;sizes&quot;:[]},&quot;reveal_bgcolor&quot;:&quot;#797F77&quot;,&quot;reveal_delay&quot;:{&quot;unit&quot;:&quot;s&quot;,&quot;size&quot;:0,&quot;sizes&quot;:[]}}\" data-widget_type=\"image.default\">\n\t\t\t\t<div class=\"elementor-widget-container\">\n\t\t\t\t\t<div id=\"reveal-81b3658\" class=\"revealFx\">\t\t\t\t\t\t\t\t\t\t<img decoding=\"async\" width=\"684\" height=\"1024\" src=\"https:\/\/hotelflanelles.fr\/wp-content\/uploads\/2025\/08\/DSC02159-1-684x1024.jpg\" class=\"attachment-large size-large wp-image-3081\" alt=\"\" srcset=\"https:\/\/hotelflanelles.fr\/wp-content\/uploads\/2025\/08\/DSC02159-1-684x1024.jpg 684w, https:\/\/hotelflanelles.fr\/wp-content\/uploads\/2025\/08\/DSC02159-1-200x300.jpg 200w, https:\/\/hotelflanelles.fr\/wp-content\/uploads\/2025\/08\/DSC02159-1-768x1149.jpg 768w, https:\/\/hotelflanelles.fr\/wp-content\/uploads\/2025\/08\/DSC02159-1-1027x1536.jpg 1027w, https:\/\/hotelflanelles.fr\/wp-content\/uploads\/2025\/08\/DSC02159-1-8x12.jpg 8w, https:\/\/hotelflanelles.fr\/wp-content\/uploads\/2025\/08\/DSC02159-1-rotated.jpg 1080w\" sizes=\"(max-width: 684px) 100vw, 684px\" \/>\t\t\t\t\t\t\t\t\t\t\t<\/div>\t\t\t\t<\/div>\n\t\t\t\t<\/div>\n\t\t\t\t<\/div>\n\t\t<div class=\"elementor-element elementor-element-ea24347 e-con-full e-flex e-con e-child\" data-id=\"ea24347\" data-element_type=\"container\" data-e-type=\"container\" data-settings=\"{&quot;jet_parallax_layout_list&quot;:[]}\">\n\t\t\t\t<div class=\"elementor-element elementor-element-b1938fb elementor-widget elementor-widget-heading\" data-id=\"b1938fb\" data-element_type=\"widget\" data-e-type=\"widget\" data-widget_type=\"heading.default\">\n\t\t\t\t<div class=\"elementor-widget-container\">\n\t\t\t\t\t<h2 class=\"elementor-heading-title elementor-size-default\">Un h\u00f4tel gare du Nord \u00e0 Paris, id\u00e9al voyage d\u2019affaires <\/h2>\t\t\t\t<\/div>\n\t\t\t\t<\/div>\n\t\t\t\t<div class=\"elementor-element elementor-element-c3630b3 elementor-widget elementor-widget-heading\" data-id=\"c3630b3\" data-element_type=\"widget\" data-e-type=\"widget\" data-widget_type=\"heading.default\">\n\t\t\t\t<div class=\"elementor-widget-container\">\n\t\t\t\t\t<p class=\"elementor-heading-title elementor-size-default\">Un s\u00e9jour d\u2019affaires tout en confort<\/p>\t\t\t\t<\/div>\n\t\t\t\t<\/div>\n\t\t\t\t<div class=\"elementor-element elementor-element-243e2a2 elementor-widget elementor-widget-text-editor\" data-id=\"243e2a2\" data-element_type=\"widget\" data-e-type=\"widget\" data-widget_type=\"text-editor.default\">\n\t\t\t\t<div class=\"elementor-widget-container\">\n\t\t\t\t\t\t\t\t\t<p>L\u2019H\u00f4tel Flanelles est id\u00e9alement situ\u00e9 pour vos voyages d\u2019affaires \u00e0 Paris, \u00e0 seulement deux pas de la gare du Nord. Vous y s\u00e9journerez dans un \u00e9tablissement chaleureux et \u00e9l\u00e9gant, pens\u00e9 pour rendre votre d\u00e9placement professionnel encore plus confortable. Gr\u00e2ce \u00e0 sa localisation, l\u2019h\u00f4tel permet de se d\u00e9placer en toute libert\u00e9 : la gare du Nord se trouve juste en face, et une station de m\u00e9tro est accessible \u00e0 quelques pas de l\u2019entr\u00e9e, facilitant ainsi vos d\u00e9placements dans la capitale et sa p\u00e9riph\u00e9rie. Que vous voyagiez seul ou accompagn\u00e9, pour des visioconf\u00e9rences ou des r\u00e9unions improvis\u00e9es, profitez d\u2019un espace accueillant et fonctionnel pour maximiser votre productivit\u00e9, avec l\u2019ensemble de nos services \u00e0 votre disposition.<br \/><br \/>S\u00e9journez une ou plusieurs nuits \u00e0 l\u2019H\u00f4tel Flanelles et b\u00e9n\u00e9ficiez de nos installations haut de gamme pour un voyage d\u2019affaires \u00e0 Paris tout en confort.<\/p>\t\t\t\t\t\t\t\t<\/div>\n\t\t\t\t<\/div>\n\t\t\t\t<\/div>\n\t\t\t\t<\/div>\n\t\t<div class=\"elementor-element elementor-element-6035c5c e-con-full marge e-flex e-con e-parent\" data-id=\"6035c5c\" data-element_type=\"container\" data-e-type=\"container\" data-settings=\"{&quot;jet_parallax_layout_list&quot;:[]}\">\n\t\t\t\t<div class=\"elementor-element elementor-element-e962acd elementor-widget elementor-widget-dyncontel-acf-google-maps\" data-id=\"e962acd\" data-element_type=\"widget\" data-e-type=\"widget\" data-settings=\"{&quot;style_select&quot;:&quot;prestyle&quot;,&quot;snazzy_select&quot;:&quot;black_and_white&quot;,&quot;imageMarker&quot;:{&quot;url&quot;:&quot;https:\\\/\\\/hotelflanelles.fr\\\/wp-content\\\/uploads\\\/2023\\\/02\\\/logo-flanelles-favicon-1.png&quot;,&quot;id&quot;:934,&quot;size&quot;:&quot;&quot;,&quot;alt&quot;:&quot;&quot;,&quot;source&quot;:&quot;library&quot;},&quot;marker_width&quot;:70,&quot;marker_height&quot;:70,&quot;map_data_type&quot;:&quot;address&quot;,&quot;new_api&quot;:&quot;yes&quot;,&quot;map_type&quot;:&quot;roadmap&quot;,&quot;dce_url&quot;:&quot;https:\\\/\\\/hotelflanelles.fr\\\/wp-content\\\/plugins\\\/dynamic-content-for-elementor\\\/&quot;,&quot;enable_infoWindow&quot;:&quot;yes&quot;,&quot;pancontrol&quot;:&quot;yes&quot;,&quot;rotatecontrol&quot;:&quot;yes&quot;,&quot;scalecontrol&quot;:&quot;yes&quot;,&quot;zoomcontrol&quot;:&quot;yes&quot;,&quot;markerclustererControl&quot;:&quot;yes&quot;,&quot;infoWindow_panel_maxwidth&quot;:{&quot;unit&quot;:&quot;px&quot;,&quot;size&quot;:&quot;&quot;,&quot;sizes&quot;:[]},&quot;infoWindow_panel_maxwidth_tablet&quot;:{&quot;unit&quot;:&quot;px&quot;,&quot;size&quot;:&quot;&quot;,&quot;sizes&quot;:[]},&quot;infoWindow_panel_maxwidth_mobile&quot;:{&quot;unit&quot;:&quot;px&quot;,&quot;size&quot;:&quot;&quot;,&quot;sizes&quot;:[]}}\" data-widget_type=\"dyncontel-acf-google-maps.default\">\n\t\t\t\t<div class=\"elementor-widget-container\">\n\t\t\t\t\t<div data-zoom=\"12\" class=\"map\" style=\"width: 100%;\" data-positions=\"[{&quot;address&quot;:&quot;11 Rue de Dunkerque 10 Arrondissement , 75010 Paris, France&quot;,&quot;lat&quot;:0,&quot;lng&quot;:0,&quot;custom_marker_image&quot;:&quot;https:\\\/\\\/hotelflanelles.fr\\\/wp-content\\\/uploads\\\/2023\\\/02\\\/logo-flanelles-favicon-1.png&quot;,&quot;link&quot;:null,&quot;infowindow&quot;:{&quot;type&quot;:&quot;text&quot;,&quot;content&quot;:&quot;&lt;div class=\\&quot;dce-iw-textzone\\&quot;&gt;&lt;\\\/div&gt;&quot;}}]\"><\/div>\t\t\t\t<\/div>\n\t\t\t\t<\/div>\n\t\t\t\t<\/div>\n\t\t\t\t<\/div>\n\t\t","protected":false},"excerpt":{"rendered":"<p>H\u00f4tel gare du Nord H\u00f4tel vers la gare du Nord \u00e0 Paris Les services de notre h\u00f4tel gare du Nord \u00e0 Paris L\u2019accueil chaleureux sign\u00e9 Flanelle \u00c0 quelques pas de la gare du Nord, l\u2019H\u00f4tel Flanelle vous accueille dans une atmosph\u00e8re \u00e9l\u00e9gante et chaleureuse d\u00e8s votre arriv\u00e9e. Notre personnel multilingue est \u00e0 votre disposition 24h\/24, [&hellip;]<\/p>\n","protected":false},"author":1,"featured_media":2067,"parent":0,"menu_order":0,"comment_status":"closed","ping_status":"closed","template":"","meta":{"_acf_changed":false,"footnotes":""},"class_list":["post-3135","page","type-page","status-publish","has-post-thumbnail","hentry"],"acf":[],"yoast_head":"<!-- This site is optimized with the Yoast SEO plugin v27.5 - https:\/\/yoast.com\/product\/yoast-seo-wordpress\/ -->\n<title>H\u00f4tel \u00e0 Paris gare du Nord | H\u00f4tel Flanelles dans le 10\u00e8me<\/title>\n<meta name=\"description\" content=\"D\u00e9couvrez l&#039;H\u00f4tel Flanelles \u00e0 Paris 10\u00e8me - Un h\u00f4tel chaleureux et raffin\u00e9 \u00e0 Paris \u00e0 deux pas de la gare du Nord !\" \/>\n<meta name=\"robots\" content=\"index, follow, max-snippet:-1, max-image-preview:large, max-video-preview:-1\" \/>\n<link rel=\"canonical\" href=\"https:\/\/hotelflanelles.fr\/en\/hotel-gare-du-nord\/\" \/>\n<meta property=\"og:locale\" content=\"en_US\" \/>\n<meta property=\"og:type\" content=\"article\" \/>\n<meta property=\"og:title\" content=\"H\u00f4tel \u00e0 Paris gare du Nord | H\u00f4tel Flanelles dans le 10\u00e8me\" \/>\n<meta property=\"og:description\" content=\"D\u00e9couvrez l&#039;H\u00f4tel Flanelles \u00e0 Paris 10\u00e8me - Un h\u00f4tel chaleureux et raffin\u00e9 \u00e0 Paris \u00e0 deux pas de la gare du Nord !\" \/>\n<meta property=\"og:url\" content=\"https:\/\/hotelflanelles.fr\/en\/hotel-gare-du-nord\/\" \/>\n<meta property=\"og:site_name\" content=\"H\u00f4tel Flanelles\" \/>\n<meta property=\"article:modified_time\" content=\"2025-09-30T12:57:17+00:00\" \/>\n<meta property=\"og:image\" content=\"https:\/\/hotelflanelles.fr\/wp-content\/uploads\/2024\/03\/137FLANELLES-TRI24-032025-1.jpeg\" \/>\n\t<meta property=\"og:image:width\" content=\"1920\" \/>\n\t<meta property=\"og:image:height\" content=\"1280\" \/>\n\t<meta property=\"og:image:type\" content=\"image\/jpeg\" \/>\n<meta name=\"twitter:card\" content=\"summary_large_image\" \/>\n<meta name=\"twitter:label1\" content=\"Est. reading time\" \/>\n\t<meta name=\"twitter:data1\" content=\"6 minutes\" \/>\n<script type=\"application\/ld+json\" class=\"yoast-schema-graph\">{\"@context\":\"https:\\\/\\\/schema.org\",\"@graph\":[{\"@type\":\"WebPage\",\"@id\":\"https:\\\/\\\/hotelflanelles.fr\\\/hotel-gare-du-nord\\\/\",\"url\":\"https:\\\/\\\/hotelflanelles.fr\\\/hotel-gare-du-nord\\\/\",\"name\":\"H\u00f4tel \u00e0 Paris gare du Nord | H\u00f4tel Flanelles dans le 10\u00e8me\",\"isPartOf\":{\"@id\":\"https:\\\/\\\/hotelflanelles.fr\\\/#website\"},\"primaryImageOfPage\":{\"@id\":\"https:\\\/\\\/hotelflanelles.fr\\\/hotel-gare-du-nord\\\/#primaryimage\"},\"image\":{\"@id\":\"https:\\\/\\\/hotelflanelles.fr\\\/hotel-gare-du-nord\\\/#primaryimage\"},\"thumbnailUrl\":\"https:\\\/\\\/hotelflanelles.fr\\\/wp-content\\\/uploads\\\/2024\\\/03\\\/137FLANELLES-TRI24-032025-1.jpeg\",\"datePublished\":\"2025-09-25T07:24:43+00:00\",\"dateModified\":\"2025-09-30T12:57:17+00:00\",\"description\":\"D\u00e9couvrez l'H\u00f4tel Flanelles \u00e0 Paris 10\u00e8me - Un h\u00f4tel chaleureux et raffin\u00e9 \u00e0 Paris \u00e0 deux pas de la gare du Nord !\",\"breadcrumb\":{\"@id\":\"https:\\\/\\\/hotelflanelles.fr\\\/hotel-gare-du-nord\\\/#breadcrumb\"},\"inLanguage\":\"en-US\",\"potentialAction\":[{\"@type\":\"ReadAction\",\"target\":[\"https:\\\/\\\/hotelflanelles.fr\\\/hotel-gare-du-nord\\\/\"]}]},{\"@type\":\"ImageObject\",\"inLanguage\":\"en-US\",\"@id\":\"https:\\\/\\\/hotelflanelles.fr\\\/hotel-gare-du-nord\\\/#primaryimage\",\"url\":\"https:\\\/\\\/hotelflanelles.fr\\\/wp-content\\\/uploads\\\/2024\\\/03\\\/137FLANELLES-TRI24-032025-1.jpeg\",\"contentUrl\":\"https:\\\/\\\/hotelflanelles.fr\\\/wp-content\\\/uploads\\\/2024\\\/03\\\/137FLANELLES-TRI24-032025-1.jpeg\",\"width\":1920,\"height\":1280,\"caption\":\"Hotel \u00e9conomique dans le 10\u00e8me arrondissement proche Gare de l'Est\"},{\"@type\":\"BreadcrumbList\",\"@id\":\"https:\\\/\\\/hotelflanelles.fr\\\/hotel-gare-du-nord\\\/#breadcrumb\",\"itemListElement\":[{\"@type\":\"ListItem\",\"position\":1,\"name\":\"Accueil\",\"item\":\"https:\\\/\\\/hotelflanelles.fr\\\/\"},{\"@type\":\"ListItem\",\"position\":2,\"name\":\"H\u00f4tel gare du Nord\"}]},{\"@type\":\"WebSite\",\"@id\":\"https:\\\/\\\/hotelflanelles.fr\\\/#website\",\"url\":\"https:\\\/\\\/hotelflanelles.fr\\\/\",\"name\":\"H\u00f4tel Flanelles\",\"description\":\"Ici les fl\u00e2neries sont \u00e0 demeure\",\"potentialAction\":[{\"@type\":\"SearchAction\",\"target\":{\"@type\":\"EntryPoint\",\"urlTemplate\":\"https:\\\/\\\/hotelflanelles.fr\\\/?s={search_term_string}\"},\"query-input\":{\"@type\":\"PropertyValueSpecification\",\"valueRequired\":true,\"valueName\":\"search_term_string\"}}],\"inLanguage\":\"en-US\"}]}<\/script>\n<!-- \/ Yoast SEO plugin. -->","yoast_head_json":{"title":"H\u00f4tel \u00e0 Paris gare du Nord | H\u00f4tel Flanelles dans le 10\u00e8me","description":"D\u00e9couvrez l'H\u00f4tel Flanelles \u00e0 Paris 10\u00e8me - Un h\u00f4tel chaleureux et raffin\u00e9 \u00e0 Paris \u00e0 deux pas de la gare du Nord !","robots":{"index":"index","follow":"follow","max-snippet":"max-snippet:-1","max-image-preview":"max-image-preview:large","max-video-preview":"max-video-preview:-1"},"canonical":"https:\/\/hotelflanelles.fr\/en\/hotel-gare-du-nord\/","og_locale":"en_US","og_type":"article","og_title":"H\u00f4tel \u00e0 Paris gare du Nord | H\u00f4tel Flanelles dans le 10\u00e8me","og_description":"D\u00e9couvrez l'H\u00f4tel Flanelles \u00e0 Paris 10\u00e8me - Un h\u00f4tel chaleureux et raffin\u00e9 \u00e0 Paris \u00e0 deux pas de la gare du Nord !","og_url":"https:\/\/hotelflanelles.fr\/en\/hotel-gare-du-nord\/","og_site_name":"H\u00f4tel Flanelles","article_modified_time":"2025-09-30T12:57:17+00:00","og_image":[{"width":1920,"height":1280,"url":"https:\/\/hotelflanelles.fr\/wp-content\/uploads\/2024\/03\/137FLANELLES-TRI24-032025-1.jpeg","type":"image\/jpeg"}],"twitter_card":"summary_large_image","twitter_misc":{"Est. reading time":"6 minutes"},"schema":{"@context":"https:\/\/schema.org","@graph":[{"@type":"WebPage","@id":"https:\/\/hotelflanelles.fr\/hotel-gare-du-nord\/","url":"https:\/\/hotelflanelles.fr\/hotel-gare-du-nord\/","name":"H\u00f4tel \u00e0 Paris gare du Nord | H\u00f4tel Flanelles dans le 10\u00e8me","isPartOf":{"@id":"https:\/\/hotelflanelles.fr\/#website"},"primaryImageOfPage":{"@id":"https:\/\/hotelflanelles.fr\/hotel-gare-du-nord\/#primaryimage"},"image":{"@id":"https:\/\/hotelflanelles.fr\/hotel-gare-du-nord\/#primaryimage"},"thumbnailUrl":"https:\/\/hotelflanelles.fr\/wp-content\/uploads\/2024\/03\/137FLANELLES-TRI24-032025-1.jpeg","datePublished":"2025-09-25T07:24:43+00:00","dateModified":"2025-09-30T12:57:17+00:00","description":"D\u00e9couvrez l'H\u00f4tel Flanelles \u00e0 Paris 10\u00e8me - Un h\u00f4tel chaleureux et raffin\u00e9 \u00e0 Paris \u00e0 deux pas de la gare du Nord !","breadcrumb":{"@id":"https:\/\/hotelflanelles.fr\/hotel-gare-du-nord\/#breadcrumb"},"inLanguage":"en-US","potentialAction":[{"@type":"ReadAction","target":["https:\/\/hotelflanelles.fr\/hotel-gare-du-nord\/"]}]},{"@type":"ImageObject","inLanguage":"en-US","@id":"https:\/\/hotelflanelles.fr\/hotel-gare-du-nord\/#primaryimage","url":"https:\/\/hotelflanelles.fr\/wp-content\/uploads\/2024\/03\/137FLANELLES-TRI24-032025-1.jpeg","contentUrl":"https:\/\/hotelflanelles.fr\/wp-content\/uploads\/2024\/03\/137FLANELLES-TRI24-032025-1.jpeg","width":1920,"height":1280,"caption":"Hotel \u00e9conomique dans le 10\u00e8me arrondissement proche Gare de l'Est"},{"@type":"BreadcrumbList","@id":"https:\/\/hotelflanelles.fr\/hotel-gare-du-nord\/#breadcrumb","itemListElement":[{"@type":"ListItem","position":1,"name":"Accueil","item":"https:\/\/hotelflanelles.fr\/"},{"@type":"ListItem","position":2,"name":"H\u00f4tel gare du Nord"}]},{"@type":"WebSite","@id":"https:\/\/hotelflanelles.fr\/#website","url":"https:\/\/hotelflanelles.fr\/","name":"Hotel Flanelles","description":"Here, strolling is a permanent fixture","potentialAction":[{"@type":"SearchAction","target":{"@type":"EntryPoint","urlTemplate":"https:\/\/hotelflanelles.fr\/?s={search_term_string}"},"query-input":{"@type":"PropertyValueSpecification","valueRequired":true,"valueName":"search_term_string"}}],"inLanguage":"en-US"}]}},"_links":{"self":[{"href":"https:\/\/hotelflanelles.fr\/en\/wp-json\/wp\/v2\/pages\/3135","targetHints":{"allow":["GET"]}}],"collection":[{"href":"https:\/\/hotelflanelles.fr\/en\/wp-json\/wp\/v2\/pages"}],"about":[{"href":"https:\/\/hotelflanelles.fr\/en\/wp-json\/wp\/v2\/types\/page"}],"author":[{"embeddable":true,"href":"https:\/\/hotelflanelles.fr\/en\/wp-json\/wp\/v2\/users\/1"}],"replies":[{"embeddable":true,"href":"https:\/\/hotelflanelles.fr\/en\/wp-json\/wp\/v2\/comments?post=3135"}],"version-history":[{"count":10,"href":"https:\/\/hotelflanelles.fr\/en\/wp-json\/wp\/v2\/pages\/3135\/revisions"}],"predecessor-version":[{"id":3278,"href":"https:\/\/hotelflanelles.fr\/en\/wp-json\/wp\/v2\/pages\/3135\/revisions\/3278"}],"wp:featuredmedia":[{"embeddable":true,"href":"https:\/\/hotelflanelles.fr\/en\/wp-json\/wp\/v2\/media\/2067"}],"wp:attachment":[{"href":"https:\/\/hotelflanelles.fr\/en\/wp-json\/wp\/v2\/media?parent=3135"}],"curies":[{"name":"wp","href":"https:\/\/api.w.org\/{rel}","templated":true}]}}