{"id":3167,"date":"2025-09-25T10:43:05","date_gmt":"2025-09-25T08:43:05","guid":{"rendered":"https:\/\/hotelflanelles.fr\/?page_id=3167"},"modified":"2025-09-30T14:57:01","modified_gmt":"2025-09-30T12:57:01","slug":"cafe-gare-du-nord","status":"publish","type":"page","link":"https:\/\/hotelflanelles.fr\/de\/cafe-gare-du-nord\/","title":{"rendered":"Caf\u00e9 gare du Nord"},"content":{"rendered":"\t\t<div data-elementor-type=\"wp-page\" data-elementor-id=\"3167\" class=\"elementor elementor-3167\" data-elementor-post-type=\"page\">\n\t\t\t\t<div data-dce-background-image-url=\"https:\/\/hotelflanelles.fr\/wp-content\/uploads\/2024\/04\/129FLANELLES-TRI24-031997-1.jpeg\" class=\"elementor-element elementor-element-d1ab843 e-flex e-con-boxed e-con e-parent\" data-id=\"d1ab843\" data-element_type=\"container\" data-e-type=\"container\" data-settings=\"{&quot;background_background&quot;:&quot;classic&quot;,&quot;jet_parallax_layout_list&quot;:[]}\">\n\t\t\t\t\t<div class=\"e-con-inner\">\n\t\t<div class=\"elementor-element elementor-element-78e1c21 e-con-full e-flex e-con e-child\" data-id=\"78e1c21\" data-element_type=\"container\" data-e-type=\"container\" data-settings=\"{&quot;jet_parallax_layout_list&quot;:[]}\">\n\t\t\t\t<div class=\"elementor-element elementor-element-575ff3c elementor-widget elementor-widget-heading\" data-id=\"575ff3c\" data-element_type=\"widget\" data-e-type=\"widget\" data-widget_type=\"heading.default\">\n\t\t\t\t<div class=\"elementor-widget-container\">\n\t\t\t\t\t<p class=\"elementor-heading-title elementor-size-default\">Caf\u00e9 gare du Nord<\/p>\t\t\t\t<\/div>\n\t\t\t\t<\/div>\n\t\t\t\t<div class=\"elementor-element elementor-element-0e9e1a5 elementor-widget elementor-widget-heading\" data-id=\"0e9e1a5\" data-element_type=\"widget\" data-e-type=\"widget\" data-widget_type=\"heading.default\">\n\t\t\t\t<div class=\"elementor-widget-container\">\n\t\t\t\t\t<h1 class=\"elementor-heading-title elementor-size-default\">Caf\u00e9 \u00e0 Paris gare du Nord<\/h1>\t\t\t\t<\/div>\n\t\t\t\t<\/div>\n\t\t\t\t<\/div>\n\t\t\t\t\t<\/div>\n\t\t\t\t<\/div>\n\t\t<div class=\"elementor-element elementor-element-fa36b85 e-flex e-con-boxed e-con e-parent\" data-id=\"fa36b85\" data-element_type=\"container\" data-e-type=\"container\" data-settings=\"{&quot;jet_parallax_layout_list&quot;:[],&quot;background_background&quot;:&quot;classic&quot;}\">\n\t\t\t\t\t<div class=\"e-con-inner\">\n\t\t<div class=\"elementor-element elementor-element-a7bfc17 e-con-full e-flex e-con e-child\" data-id=\"a7bfc17\" data-element_type=\"container\" data-e-type=\"container\" data-settings=\"{&quot;jet_parallax_layout_list&quot;:[],&quot;background_background&quot;:&quot;classic&quot;}\">\n\t\t\t\t<div data-dce-title-color=\"#E07C00\" class=\"elementor-element elementor-element-79026a4 elementor-widget elementor-widget-heading\" data-id=\"79026a4\" data-element_type=\"widget\" data-e-type=\"widget\" data-widget_type=\"heading.default\">\n\t\t\t\t<div class=\"elementor-widget-container\">\n\t\t\t\t\t<h2 class=\"elementor-heading-title elementor-size-default\">Caf\u00e9 gare du nord pour rendez-vous pro et r\u00e9union<\/h2>\t\t\t\t<\/div>\n\t\t\t\t<\/div>\n\t\t\t\t<div data-dce-title-color=\"#797F77\" class=\"elementor-element elementor-element-a46750f elementor-widget elementor-widget-heading\" data-id=\"a46750f\" data-element_type=\"widget\" data-e-type=\"widget\" data-widget_type=\"heading.default\">\n\t\t\t\t<div class=\"elementor-widget-container\">\n\t\t\t\t\t<p class=\"elementor-heading-title elementor-size-default\">Un lieu pour les pros<\/p>\t\t\t\t<\/div>\n\t\t\t\t<\/div>\n\t\t\t\t<div class=\"elementor-element elementor-element-a4029ef elementor-widget elementor-widget-text-editor\" data-id=\"a4029ef\" data-element_type=\"widget\" data-e-type=\"widget\" data-widget_type=\"text-editor.default\">\n\t\t\t\t<div class=\"elementor-widget-container\">\n\t\t\t\t\t\t\t\t\t<p>\u00c0 deux pas de la gare du Nord, le Caf\u00e9 Flanelles vous accueille dans une ambiance conviviale et met \u00e0 disposition des espaces adapt\u00e9s pour vos rendez-vous professionnels, r\u00e9unions, moments de networking ou simplement une pause agr\u00e9able entre deux d\u00e9placements. Un lieu id\u00e9al pour allier travail et d\u00e9tente au c\u0153ur du 10\u00e8me.<\/p><p>Le Caf\u00e9 Flanelles, situ\u00e9 face \u00e0 la Gare du Nord, offre un cadre convivial et accessible pour vos rendez-vous professionnels. Id\u00e9al pour accueillir collaborateurs, clients ou partenaires, il combine praticit\u00e9 et atmosph\u00e8re propice aux \u00e9changes. Une adresse de confiance pour organiser vos rencontres d\u2019affaires au c\u0153ur de Paris !<\/p>\t\t\t\t\t\t\t\t<\/div>\n\t\t\t\t<\/div>\n\t\t\t\t<\/div>\n\t\t\t\t\t<\/div>\n\t\t\t\t<\/div>\n\t\t<div class=\"elementor-element elementor-element-a36a087 e-flex e-con-boxed e-con e-parent\" data-id=\"a36a087\" data-element_type=\"container\" data-e-type=\"container\" data-settings=\"{&quot;jet_parallax_layout_list&quot;:[]}\">\n\t\t\t\t\t<div class=\"e-con-inner\">\n\t\t<div class=\"elementor-element elementor-element-5a19113 e-con-full e-flex e-con e-child\" data-id=\"5a19113\" data-element_type=\"container\" data-e-type=\"container\" data-settings=\"{&quot;jet_parallax_layout_list&quot;:[]}\">\n\t\t<div class=\"elementor-element elementor-element-6ffebf2 e-con-full e-flex e-con e-child\" data-id=\"6ffebf2\" data-element_type=\"container\" data-e-type=\"container\" data-settings=\"{&quot;jet_parallax_layout_list&quot;:[]}\">\n\t\t\t\t<div data-dce-title-color=\"#797F77\" class=\"elementor-element elementor-element-2cc8872 elementor-widget elementor-widget-heading\" data-id=\"2cc8872\" data-element_type=\"widget\" data-e-type=\"widget\" data-widget_type=\"heading.default\">\n\t\t\t\t<div class=\"elementor-widget-container\">\n\t\t\t\t\t<h2 class=\"elementor-heading-title elementor-size-default\">La terrasse<\/h2>\t\t\t\t<\/div>\n\t\t\t\t<\/div>\n\t\t\t\t<div class=\"elementor-element elementor-element-3491499 elementor-widget elementor-widget-text-editor\" data-id=\"3491499\" data-element_type=\"widget\" data-e-type=\"widget\" data-widget_type=\"text-editor.default\">\n\t\t\t\t<div class=\"elementor-widget-container\">\n\t\t\t\t\t\t\t\t\t<p>La terrasse du caf\u00e9 Flanelles, face \u00e0 la Gare du Nord, offre un cadre \u00e9l\u00e9gant et confortable pour vos rendez-vous professionnels. Prot\u00e9g\u00e9e des al\u00e9as climatiques et baign\u00e9e de lumi\u00e8re naturelle, elle permet d\u2019\u00e9changer dans un environnement \u00e0 la fois pratique et raffin\u00e9. Un lieu propice aux discussions entre collaborateurs, partenaires ou clients, en plein c\u0153ur du 10\u00e8me arrondissement de Paris<\/p>\t\t\t\t\t\t\t\t<\/div>\n\t\t\t\t<\/div>\n\t\t\t\t<div data-dce-title-color=\"#797F77\" class=\"elementor-element elementor-element-0c01908 elementor-widget elementor-widget-heading\" data-id=\"0c01908\" data-element_type=\"widget\" data-e-type=\"widget\" data-widget_type=\"heading.default\">\n\t\t\t\t<div class=\"elementor-widget-container\">\n\t\t\t\t\t<h2 class=\"elementor-heading-title elementor-size-default\">En int\u00e9rieur<\/h2>\t\t\t\t<\/div>\n\t\t\t\t<\/div>\n\t\t\t\t<div class=\"elementor-element elementor-element-efb9e43 elementor-widget elementor-widget-text-editor\" data-id=\"efb9e43\" data-element_type=\"widget\" data-e-type=\"widget\" data-widget_type=\"text-editor.default\">\n\t\t\t\t<div class=\"elementor-widget-container\">\n\t\t\t\t\t\t\t\t\t<p>\u00c0 l\u2019int\u00e9rieur du caf\u00e9 Flanelles, un espace intime et discret accueille vos rendez-vous en toute confidentialit\u00e9. Banquettes confortables, ambiance feutr\u00e9e et cadre raffin\u00e9 offrent des conditions id\u00e9ales pour travailler, \u00e9changer ou recevoir vos collaborateurs et partenaires. Un lieu privil\u00e9gi\u00e9 pour des discussions professionnelles, \u00e0 deux pas de la Gare du Nord et des stations de m\u00e9tro.<\/p>\t\t\t\t\t\t\t\t<\/div>\n\t\t\t\t<\/div>\n\t\t\t\t<\/div>\n\t\t<div class=\"elementor-element elementor-element-a0f1d97 e-con-full e-flex e-con e-child\" data-id=\"a0f1d97\" data-element_type=\"container\" data-e-type=\"container\" data-settings=\"{&quot;jet_parallax_layout_list&quot;:[]}\">\n\t\t\t\t<div class=\"elementor-element elementor-element-33ed914 elementor-widget elementor-widget-image-carousel\" data-id=\"33ed914\" data-element_type=\"widget\" data-e-type=\"widget\" data-settings=\"{&quot;slides_to_show&quot;:&quot;2&quot;,&quot;slides_to_show_tablet&quot;:&quot;1&quot;,&quot;slides_to_show_mobile&quot;:&quot;1&quot;,&quot;navigation&quot;:&quot;none&quot;,&quot;lazyload&quot;:&quot;yes&quot;,&quot;autoplay&quot;:&quot;yes&quot;,&quot;pause_on_hover&quot;:&quot;yes&quot;,&quot;pause_on_interaction&quot;:&quot;yes&quot;,&quot;autoplay_speed&quot;:5000,&quot;infinite&quot;:&quot;yes&quot;,&quot;speed&quot;:500,&quot;image_spacing_custom&quot;:{&quot;unit&quot;:&quot;px&quot;,&quot;size&quot;:20,&quot;sizes&quot;:[]}}\" data-widget_type=\"image-carousel.default\">\n\t\t\t\t<div class=\"elementor-widget-container\">\n\t\t\t\t\t\t\t<div class=\"elementor-image-carousel-wrapper swiper\" role=\"region\" aria-roledescription=\"carousel\" aria-label=\"Carrousel d\u2019images\" dir=\"ltr\">\n\t\t\t<div class=\"elementor-image-carousel swiper-wrapper\" aria-live=\"off\">\n\t\t\t\t\t\t\t\t<div class=\"swiper-slide\" role=\"group\" aria-roledescription=\"slide\" aria-label=\"1 sur 6\"><figure class=\"swiper-slide-inner\"><img class=\"swiper-slide-image swiper-lazy\" data-src=\"https:\/\/hotelflanelles.fr\/wp-content\/uploads\/elementor\/thumbs\/DSC01999-r9lxf549j6spwbm58a9maj8yxu38v7ftj85ol5l73k.jpg\" alt=\"DSC01999\" \/><div class=\"swiper-lazy-preloader\"><\/div><\/figure><\/div><div class=\"swiper-slide\" role=\"group\" aria-roledescription=\"slide\" aria-label=\"2 sur 6\"><figure class=\"swiper-slide-inner\"><img class=\"swiper-slide-image swiper-lazy\" data-src=\"https:\/\/hotelflanelles.fr\/wp-content\/uploads\/elementor\/thumbs\/DSC02033-r9lxfl3irdeldoyxmz69yx7t1dwhi2799f8xquxi5s.jpg\" alt=\"DSC02033\" \/><div class=\"swiper-lazy-preloader\"><\/div><\/figure><\/div><div class=\"swiper-slide\" role=\"group\" aria-roledescription=\"slide\" aria-label=\"3 sur 6\"><figure class=\"swiper-slide-inner\"><img class=\"swiper-slide-image swiper-lazy\" data-src=\"https:\/\/hotelflanelles.fr\/wp-content\/uploads\/elementor\/thumbs\/DSC01944-r9lxe2kvqzbyob64hblwyaz2l1d73m6tpxerwt6c6o.jpg\" alt=\"DSC01944\" \/><div class=\"swiper-lazy-preloader\"><\/div><\/figure><\/div><div class=\"swiper-slide\" role=\"group\" aria-roledescription=\"slide\" aria-label=\"4 sur 6\"><figure class=\"swiper-slide-inner\"><img class=\"swiper-slide-image swiper-lazy\" data-src=\"https:\/\/hotelflanelles.fr\/wp-content\/uploads\/elementor\/thumbs\/Belaroia@Versatile-158-r8ss5p885tsy6rn9li9inj4956koxjhu61t658nacw.jpg\" alt=\"Belaroia@Versatile-158\" \/><div class=\"swiper-lazy-preloader\"><\/div><\/figure><\/div><div class=\"swiper-slide\" role=\"group\" aria-roledescription=\"slide\" aria-label=\"5 sur 6\"><figure class=\"swiper-slide-inner\"><img class=\"swiper-slide-image swiper-lazy\" data-src=\"https:\/\/hotelflanelles.fr\/wp-content\/uploads\/elementor\/thumbs\/DSC01996-1-ra3gf135jz4w83iqecp759ca9edat1xuoflprwijow.jpg\" alt=\"DSC01996\" \/><div class=\"swiper-lazy-preloader\"><\/div><\/figure><\/div><div class=\"swiper-slide\" role=\"group\" aria-roledescription=\"slide\" aria-label=\"6 sur 6\"><figure class=\"swiper-slide-inner\"><img class=\"swiper-slide-image swiper-lazy\" data-src=\"https:\/\/hotelflanelles.fr\/wp-content\/uploads\/elementor\/thumbs\/121FLANELLES-TRI24-031969-1-qq6lei6nis9nsg5cmaclcfesmo0ervtchdhd3rydkg.jpeg\" alt=\"Hotel proche Gare du Nord avec restaurant et bar\" \/><div class=\"swiper-lazy-preloader\"><\/div><\/figure><\/div>\t\t\t<\/div>\n\t\t\t\t\t\t\t\n\t\t\t\t\t\t\t\t\t<\/div>\n\t\t\t\t\t\t<\/div>\n\t\t\t\t<\/div>\n\t\t\t\t<\/div>\n\t\t\t\t<\/div>\n\t\t\t\t\t<\/div>\n\t\t\t\t<\/div>\n\t\t<div class=\"elementor-element elementor-element-be9e176 e-flex e-con-boxed e-con e-parent\" data-id=\"be9e176\" data-element_type=\"container\" data-e-type=\"container\" data-settings=\"{&quot;background_background&quot;:&quot;slideshow&quot;,&quot;jet_parallax_layout_list&quot;:[],&quot;background_slideshow_gallery&quot;:[{&quot;id&quot;:1871,&quot;url&quot;:&quot;https:\\\/\\\/hotelflanelles.fr\\\/wp-content\\\/uploads\\\/2024\\\/02\\\/89FLANELLES-TRI24-021776-1.jpeg&quot;},{&quot;id&quot;:2099,&quot;url&quot;:&quot;https:\\\/\\\/hotelflanelles.fr\\\/wp-content\\\/uploads\\\/2024\\\/04\\\/107FLANELLES-TRI24-031895-1.jpeg&quot;},{&quot;id&quot;:2101,&quot;url&quot;:&quot;https:\\\/\\\/hotelflanelles.fr\\\/wp-content\\\/uploads\\\/2024\\\/04\\\/129FLANELLES-TRI24-031997-1.jpeg&quot;},{&quot;id&quot;:2102,&quot;url&quot;:&quot;https:\\\/\\\/hotelflanelles.fr\\\/wp-content\\\/uploads\\\/2024\\\/04\\\/131FLANELLES-TRI24-032002-1.jpeg&quot;}],&quot;background_slideshow_loop&quot;:&quot;yes&quot;,&quot;background_slideshow_slide_duration&quot;:5000,&quot;background_slideshow_slide_transition&quot;:&quot;fade&quot;,&quot;background_slideshow_transition_duration&quot;:500}\">\n\t\t\t\t\t<div class=\"e-con-inner\">\n\t\t<div class=\"elementor-element elementor-element-846c653 e-con-full e-flex e-con e-child\" data-id=\"846c653\" data-element_type=\"container\" data-e-type=\"container\" data-settings=\"{&quot;jet_parallax_layout_list&quot;:[]}\">\n\t\t\t\t<div data-dce-text-color=\"#FFFFFF\" data-dce-advanced-background-color=\"#FFFFFFF5\" class=\"elementor-element elementor-element-c008a5f elementor-widget__width-initial elementor-align-start elementor-list-item-link-full_width elementor-widget elementor-widget-icon-list\" data-id=\"c008a5f\" data-element_type=\"widget\" data-e-type=\"widget\" data-widget_type=\"icon-list.default\">\n\t\t\t\t<div class=\"elementor-widget-container\">\n\t\t\t\t\t\t\t<ul class=\"elementor-icon-list-items\">\n\t\t\t\t\t\t\t<li class=\"elementor-icon-list-item\">\n\t\t\t\t\t\t\t\t\t\t\t<a href=\"https:\/\/www.google.fr\/maps\/place\/H%C3%B4tel+Flanelles\/@48.8795225,2.3539956,17z\/data=!3m1!4b1!4m9!3m8!1s0x47e66fdfa7c1ab93:0x4df409ae6e2b5ce4!5m2!4m1!1i2!8m2!3d48.8795225!4d2.3565705!16s%2Fg%2F11kqd2xn83?entry=ttu\">\n\n\t\t\t\t\t\t\t\t\t\t\t\t<span class=\"elementor-icon-list-icon\">\n\t\t\t\t\t\t\t<i aria-hidden=\"true\" class=\"fas fa-map-marker-alt\"><\/i>\t\t\t\t\t\t<\/span>\n\t\t\t\t\t\t\t\t\t\t<span class=\"elementor-icon-list-text\"><div>11 Rue de Dunkerque<br \/>\n10 Arrondissement , 75010 Paris, France<\/div>\n<\/span>\n\t\t\t\t\t\t\t\t\t\t\t<\/a>\n\t\t\t\t\t\t\t\t\t<\/li>\n\t\t\t\t\t\t\t\t<li class=\"elementor-icon-list-item\">\n\t\t\t\t\t\t\t\t\t\t\t<span class=\"elementor-icon-list-icon\">\n\t\t\t\t\t\t\t<i aria-hidden=\"true\" class=\"far fa-clock\"><\/i>\t\t\t\t\t\t<\/span>\n\t\t\t\t\t\t\t\t\t\t<span class=\"elementor-icon-list-text\"><p data-start=\"48\" data-end=\"79\">Petit d\u00e9jeuner : 7h &#8211; 11h<\/p>\n<p data-start=\"81\" data-end=\"209\" data-is-last-node=\"\" data-is-only-node=\"\"><strong data-start=\"81\" data-end=\"99\">Lunch et d\u00eener<\/strong><br data-start=\"99\" data-end=\"102\" \/>Du lundi au vendredi : 10h30 &#8211; 15h \/ 18h &#8211; 22h<br data-start=\"148\" data-end=\"151\" data-is-only-node=\"\" \/>Samedi et dimanche : planches de charcuterie et de fromage<\/p>\n<\/span>\n\t\t\t\t\t\t\t\t\t<\/li>\n\t\t\t\t\t\t\t\t<li class=\"elementor-icon-list-item\">\n\t\t\t\t\t\t\t\t\t\t\t<a href=\"tel:+33148780498\">\n\n\t\t\t\t\t\t\t\t\t\t\t\t<span class=\"elementor-icon-list-icon\">\n\t\t\t\t\t\t\t<i aria-hidden=\"true\" class=\"fas fa-phone-alt\"><\/i>\t\t\t\t\t\t<\/span>\n\t\t\t\t\t\t\t\t\t\t<span class=\"elementor-icon-list-text\">01 48 78 04 98<\/span>\n\t\t\t\t\t\t\t\t\t\t\t<\/a>\n\t\t\t\t\t\t\t\t\t<\/li>\n\t\t\t\t\t\t<\/ul>\n\t\t\t\t\t\t<\/div>\n\t\t\t\t<\/div>\n\t\t\t\t<div class=\"elementor-element elementor-element-3fbc7af elementor-widget elementor-widget-heading\" data-id=\"3fbc7af\" data-element_type=\"widget\" data-e-type=\"widget\" data-widget_type=\"heading.default\">\n\t\t\t\t<div class=\"elementor-widget-container\">\n\t\t\t\t\t<h2 class=\"elementor-heading-title elementor-size-default\">Infos - Caf\u00e9 gare du Nord \u00e0 Paris<\/h2>\t\t\t\t<\/div>\n\t\t\t\t<\/div>\n\t\t\t\t<\/div>\n\t\t\t\t\t<\/div>\n\t\t\t\t<\/div>\n\t\t<div class=\"elementor-element elementor-element-eb124ae e-flex e-con-boxed e-con e-parent\" data-id=\"eb124ae\" data-element_type=\"container\" data-e-type=\"container\" data-settings=\"{&quot;jet_parallax_layout_list&quot;:[],&quot;background_background&quot;:&quot;classic&quot;}\">\n\t\t\t\t\t<div class=\"e-con-inner\">\n\t\t<div class=\"elementor-element elementor-element-89cab70 e-con-full e-flex e-con e-child\" data-id=\"89cab70\" data-element_type=\"container\" data-e-type=\"container\" data-settings=\"{&quot;jet_parallax_layout_list&quot;:[]}\">\n\t\t\t\t<div data-dce-title-color=\"#E07C00\" class=\"elementor-element elementor-element-becc92f elementor-widget elementor-widget-heading\" data-id=\"becc92f\" data-element_type=\"widget\" data-e-type=\"widget\" data-widget_type=\"heading.default\">\n\t\t\t\t<div class=\"elementor-widget-container\">\n\t\t\t\t\t<h2 class=\"elementor-heading-title elementor-size-default\">Gare du nord cafe - R\u00e9union d'affaire<\/h2>\t\t\t\t<\/div>\n\t\t\t\t<\/div>\n\t\t\t\t<div class=\"elementor-element elementor-element-647c1ee elementor-widget elementor-widget-heading\" data-id=\"647c1ee\" data-element_type=\"widget\" data-e-type=\"widget\" data-widget_type=\"heading.default\">\n\t\t\t\t<div class=\"elementor-widget-container\">\n\t\t\t\t\t<p class=\"elementor-heading-title elementor-size-default\">Id\u00e9al pour les r\u00e9unions d\u2019affaires<\/p>\t\t\t\t<\/div>\n\t\t\t\t<\/div>\n\t\t\t\t<div class=\"elementor-element elementor-element-affc605 elementor-widget elementor-widget-text-editor\" data-id=\"affc605\" data-element_type=\"widget\" data-e-type=\"widget\" data-widget_type=\"text-editor.default\">\n\t\t\t\t<div class=\"elementor-widget-container\">\n\t\t\t\t\t\t\t\t\tLe Caf\u00e9 Flanelles, face \u00e0 la Gare du Nord, est l\u2019adresse id\u00e9ale pour vos rendez-vous professionnels. Accessible et spacieux, il offre un cadre chaleureux pour accueillir collaborateurs, clients ou partenaires. Pens\u00e9 pour le confort, il met \u00e0 disposition tous les services n\u00e9cessaires pour travailler ou \u00e9changer sereinement. Banquettes confortables, connexion wifi, prises \u00e9lectriques et ambiance feutr\u00e9e garantissent des conditions optimales. Un lieu o\u00f9 professionnalisme et convivialit\u00e9 se rencontrent, au c\u0153ur du 10\u00e8me arrondissement !\t\t\t\t\t\t\t\t<\/div>\n\t\t\t\t<\/div>\n\t\t\t\t<div class=\"elementor-element elementor-element-8dc0496 bouton elementor-align-center elementor-widget elementor-widget-button\" data-id=\"8dc0496\" data-element_type=\"widget\" data-e-type=\"widget\" data-widget_type=\"button.default\">\n\t\t\t\t<div class=\"elementor-widget-container\">\n\t\t\t\t\t\t\t\t\t<div class=\"elementor-button-wrapper\">\n\t\t\t\t\t<a class=\"elementor-button elementor-button-link elementor-size-md\" href=\"tel:+33148780498\">\n\t\t\t\t\t\t<span class=\"elementor-button-content-wrapper\">\n\t\t\t\t\t\t\t\t\t<span class=\"elementor-button-text\">R\u00e9servation au 01 48 78 04 98<\/span>\n\t\t\t\t\t<\/span>\n\t\t\t\t\t<\/a>\n\t\t\t\t<\/div>\n\t\t\t\t\t\t\t\t<\/div>\n\t\t\t\t<\/div>\n\t\t\t\t<\/div>\n\t\t<div class=\"elementor-element elementor-element-207ce01 e-con-full e-flex e-con e-child\" data-id=\"207ce01\" data-element_type=\"container\" data-e-type=\"container\" data-settings=\"{&quot;jet_parallax_layout_list&quot;:[]}\">\n\t\t\t\t<div class=\"elementor-element elementor-element-750f14b elementor-widget elementor-widget-image\" data-id=\"750f14b\" data-element_type=\"widget\" data-e-type=\"widget\" data-widget_type=\"image.default\">\n\t\t\t\t<div class=\"elementor-widget-container\">\n\t\t\t\t\t\t\t\t\t\t\t\t\t\t\t<img fetchpriority=\"high\" decoding=\"async\" width=\"1080\" height=\"1616\" src=\"https:\/\/hotelflanelles.fr\/wp-content\/uploads\/2025\/08\/DSC01992.jpg\" class=\"attachment-2048x2048 size-2048x2048 wp-image-3057\" alt=\"\" srcset=\"https:\/\/hotelflanelles.fr\/wp-content\/uploads\/2025\/08\/DSC01992.jpg 1080w, https:\/\/hotelflanelles.fr\/wp-content\/uploads\/2025\/08\/DSC01992-200x300.jpg 200w, https:\/\/hotelflanelles.fr\/wp-content\/uploads\/2025\/08\/DSC01992-684x1024.jpg 684w, https:\/\/hotelflanelles.fr\/wp-content\/uploads\/2025\/08\/DSC01992-768x1149.jpg 768w, https:\/\/hotelflanelles.fr\/wp-content\/uploads\/2025\/08\/DSC01992-1027x1536.jpg 1027w, https:\/\/hotelflanelles.fr\/wp-content\/uploads\/2025\/08\/DSC01992-8x12.jpg 8w\" sizes=\"(max-width: 1080px) 100vw, 1080px\" \/>\t\t\t\t\t\t\t\t\t\t\t\t\t\t\t<\/div>\n\t\t\t\t<\/div>\n\t\t\t\t<\/div>\n\t\t\t\t\t<\/div>\n\t\t\t\t<\/div>\n\t\t<div class=\"elementor-element elementor-element-a69a1c2 e-con-full marge e-flex e-con e-parent\" data-id=\"a69a1c2\" data-element_type=\"container\" data-e-type=\"container\" data-settings=\"{&quot;jet_parallax_layout_list&quot;:[]}\">\n\t\t<div class=\"elementor-element elementor-element-e9945a3 e-con-full e-flex e-con e-child\" data-id=\"e9945a3\" data-element_type=\"container\" data-e-type=\"container\" data-settings=\"{&quot;jet_parallax_layout_list&quot;:[]}\">\n\t\t\t\t<div class=\"elementor-element elementor-element-66aada5 elementor-hidden-mobile elementor-widget elementor-widget-image\" data-id=\"66aada5\" data-element_type=\"widget\" data-e-type=\"widget\" data-widget_type=\"image.default\">\n\t\t\t\t<div class=\"elementor-widget-container\">\n\t\t\t\t\t\t\t\t\t\t\t\t\t\t\t<img decoding=\"async\" width=\"684\" height=\"1024\" src=\"https:\/\/hotelflanelles.fr\/wp-content\/uploads\/2025\/08\/DSC01996-684x1024.jpg\" class=\"attachment-large size-large wp-image-3059\" alt=\"\" srcset=\"https:\/\/hotelflanelles.fr\/wp-content\/uploads\/2025\/08\/DSC01996-684x1024.jpg 684w, https:\/\/hotelflanelles.fr\/wp-content\/uploads\/2025\/08\/DSC01996-200x300.jpg 200w, https:\/\/hotelflanelles.fr\/wp-content\/uploads\/2025\/08\/DSC01996-768x1149.jpg 768w, https:\/\/hotelflanelles.fr\/wp-content\/uploads\/2025\/08\/DSC01996-1027x1536.jpg 1027w, https:\/\/hotelflanelles.fr\/wp-content\/uploads\/2025\/08\/DSC01996-8x12.jpg 8w, https:\/\/hotelflanelles.fr\/wp-content\/uploads\/2025\/08\/DSC01996.jpg 1080w\" sizes=\"(max-width: 684px) 100vw, 684px\" \/>\t\t\t\t\t\t\t\t\t\t\t\t\t\t\t<\/div>\n\t\t\t\t<\/div>\n\t\t\t\t<\/div>\n\t\t<div class=\"elementor-element elementor-element-0207771 e-con-full e-flex e-con e-child\" data-id=\"0207771\" data-element_type=\"container\" data-e-type=\"container\" data-settings=\"{&quot;jet_parallax_layout_list&quot;:[]}\">\n\t\t\t\t<div class=\"elementor-element elementor-element-f6f33d2 elementor-widget elementor-widget-heading\" data-id=\"f6f33d2\" data-element_type=\"widget\" data-e-type=\"widget\" data-widget_type=\"heading.default\">\n\t\t\t\t<div class=\"elementor-widget-container\">\n\t\t\t\t\t<h2 class=\"elementor-heading-title elementor-size-default\">Caf\u00e9 proche Gare du Nord<\/h2>\t\t\t\t<\/div>\n\t\t\t\t<\/div>\n\t\t\t\t<div class=\"elementor-element elementor-element-50f49b4 elementor-widget elementor-widget-heading\" data-id=\"50f49b4\" data-element_type=\"widget\" data-e-type=\"widget\" data-widget_type=\"heading.default\">\n\t\t\t\t<div class=\"elementor-widget-container\">\n\t\t\t\t\t<p class=\"elementor-heading-title elementor-size-default\">Notre carte<\/p>\t\t\t\t<\/div>\n\t\t\t\t<\/div>\n\t\t\t\t<div data-dce-text-color=\"#707070\" class=\"elementor-element elementor-element-451a71c elementor-widget elementor-widget-text-editor\" data-id=\"451a71c\" data-element_type=\"widget\" data-e-type=\"widget\" data-widget_type=\"text-editor.default\">\n\t\t\t\t<div class=\"elementor-widget-container\">\n\t\t\t\t\t\t\t\t\t<p>Notre carte propose une belle s\u00e9lection de caf\u00e9s : espresso simple ou double, cappuccino, macchiato, flat white\u2026 parfaits pour une pause \u00e9nergisante et raffin\u00e9e. Pour ceux qui pr\u00e9f\u00e8rent les boissons fra\u00eeches, le bar du caf\u00e9 Flanelle, \u00e0 quelques pas de la Gare du Nord, propose \u00e9galement th\u00e9s, sodas, vins rouges, ros\u00e9s et blancs, champagnes et cocktails. Du matin au soir, chaque boisson est pens\u00e9e pour accompagner vos moments de d\u00e9tente avec \u00e9l\u00e9gance et plaisir.<\/p>\t\t\t\t\t\t\t\t<\/div>\n\t\t\t\t<\/div>\n\t\t\t\t<div class=\"elementor-element elementor-element-9f5ff82 bouton elementor-align-center elementor-widget elementor-widget-button\" data-id=\"9f5ff82\" data-element_type=\"widget\" data-e-type=\"widget\" data-widget_type=\"button.default\">\n\t\t\t\t<div class=\"elementor-widget-container\">\n\t\t\t\t\t\t\t\t\t<div class=\"elementor-button-wrapper\">\n\t\t\t\t\t<a class=\"elementor-button elementor-button-link elementor-size-md\" href=\"https:\/\/hotelflanelles.fr\/wp-content\/uploads\/2025\/12\/FLANELLES-Carte-FB.pdf\">\n\t\t\t\t\t\t<span class=\"elementor-button-content-wrapper\">\n\t\t\t\t\t\t\t\t\t<span class=\"elementor-button-text\">Voir la carte<\/span>\n\t\t\t\t\t<\/span>\n\t\t\t\t\t<\/a>\n\t\t\t\t<\/div>\n\t\t\t\t\t\t\t\t<\/div>\n\t\t\t\t<\/div>\n\t\t\t\t<\/div>\n\t\t\t\t<\/div>\n\t\t<div data-dce-background-overlay-color=\"#4E4E4E\" data-dce-background-image-url=\"https:\/\/hotelflanelles.fr\/wp-content\/uploads\/2025\/08\/DSC01965.jpg\" class=\"elementor-element elementor-element-acc808b e-flex e-con-boxed e-con e-parent\" data-id=\"acc808b\" data-element_type=\"container\" data-e-type=\"container\" data-settings=\"{&quot;background_background&quot;:&quot;classic&quot;,&quot;jet_parallax_layout_list&quot;:[]}\">\n\t\t\t\t\t<div class=\"e-con-inner\">\n\t\t<div class=\"elementor-element elementor-element-b51ce49 e-con-full e-flex e-con e-child\" data-id=\"b51ce49\" data-element_type=\"container\" data-e-type=\"container\" data-settings=\"{&quot;jet_parallax_layout_list&quot;:[],&quot;background_background&quot;:&quot;slideshow&quot;,&quot;background_slideshow_gallery&quot;:[],&quot;background_slideshow_loop&quot;:&quot;yes&quot;,&quot;background_slideshow_slide_duration&quot;:5000,&quot;background_slideshow_slide_transition&quot;:&quot;fade&quot;,&quot;background_slideshow_transition_duration&quot;:500}\">\n\t\t\t\t<div class=\"elementor-element elementor-element-3d88964 elementor-widget elementor-widget-heading\" data-id=\"3d88964\" data-element_type=\"widget\" data-e-type=\"widget\" data-widget_type=\"heading.default\">\n\t\t\t\t<div class=\"elementor-widget-container\">\n\t\t\t\t\t<h2 class=\"elementor-heading-title elementor-size-default\">Trouver un caf\u00e9 Gare du Nord \u00e0 Paris<\/h2>\t\t\t\t<\/div>\n\t\t\t\t<\/div>\n\t\t\t\t<div class=\"elementor-element elementor-element-0423ed1 elementor-widget elementor-widget-heading\" data-id=\"0423ed1\" data-element_type=\"widget\" data-e-type=\"widget\" data-widget_type=\"heading.default\">\n\t\t\t\t<div class=\"elementor-widget-container\">\n\t\t\t\t\t<p class=\"elementor-heading-title elementor-size-default\">Un lieu facile d\u2019acc\u00e8s<\/p>\t\t\t\t<\/div>\n\t\t\t\t<\/div>\n\t\t\t\t<div class=\"elementor-element elementor-element-1354d65 elementor-widget elementor-widget-text-editor\" data-id=\"1354d65\" data-element_type=\"widget\" data-e-type=\"widget\" data-widget_type=\"text-editor.default\">\n\t\t\t\t<div class=\"elementor-widget-container\">\n\t\t\t\t\t\t\t\t\t<p>\u00c0 proximit\u00e9 imm\u00e9diate de la Gare du Nord, le caf\u00e9 Flanelle b\u00e9n\u00e9ficie d\u2019un emplacement strat\u00e9gique, desservi par plusieurs lignes de m\u00e9tro (4 et 5), de RER (B, D et E) et de bus. Cette accessibilit\u00e9 optimale facilite non seulement vos arriv\u00e9es depuis toute l\u2019\u00cele-de-France, mais aussi vos d\u00e9placements vers le centre de Paris et le p\u00e9riph\u00e9rique.\u00a0<\/p><p>Situ\u00e9 au rez-de-chauss\u00e9e de l\u2019h\u00f4tel, rue de Dunkerque, le caf\u00e9 propose un cadre convivial et professionnel, id\u00e9al pour organiser des rendez-vous, recevoir des collaborateurs ou \u00e9changer dans un environnement propice au travail et \u00e0 la productivit\u00e9.<\/p>\t\t\t\t\t\t\t\t<\/div>\n\t\t\t\t<\/div>\n\t\t\t\t<\/div>\n\t\t\t\t\t<\/div>\n\t\t\t\t<\/div>\n\t\t\t\t<\/div>\n\t\t","protected":false},"excerpt":{"rendered":"<p>Caf\u00e9 gare du Nord Caf\u00e9 \u00e0 Paris gare du Nord Caf\u00e9 gare du nord pour rendez-vous pro et r\u00e9union Un lieu pour les pros \u00c0 deux pas de la gare du Nord, le Caf\u00e9 Flanelles vous accueille dans une ambiance conviviale et met \u00e0 disposition des espaces adapt\u00e9s pour vos rendez-vous professionnels, r\u00e9unions, moments de [&hellip;]<\/p>\n","protected":false},"author":1,"featured_media":2067,"parent":0,"menu_order":0,"comment_status":"closed","ping_status":"closed","template":"","meta":{"_acf_changed":false,"footnotes":""},"class_list":["post-3167","page","type-page","status-publish","has-post-thumbnail","hentry"],"acf":[],"yoast_head":"<!-- This site is optimized with the Yoast SEO plugin v27.4 - https:\/\/yoast.com\/product\/yoast-seo-wordpress\/ -->\n<title>Caf\u00e9 proche de la gare du Nord | H\u00f4tel Flanelles \u00e0 Paris<\/title>\n<meta name=\"description\" content=\"Savourez un moment au Caf\u00e9 de l\u2019H\u00f4tel Flanelles, proche de la gare du Nord \u00e0 Paris, un espace pour vos coll\u00e8gues et vos proches.\" \/>\n<meta name=\"robots\" content=\"index, follow, max-snippet:-1, max-image-preview:large, max-video-preview:-1\" \/>\n<link rel=\"canonical\" href=\"https:\/\/hotelflanelles.fr\/de\/cafe-gare-du-nord\/\" \/>\n<meta property=\"og:locale\" content=\"de_DE\" \/>\n<meta property=\"og:type\" content=\"article\" \/>\n<meta property=\"og:title\" content=\"Caf\u00e9 proche de la gare du Nord | H\u00f4tel Flanelles \u00e0 Paris\" \/>\n<meta property=\"og:description\" content=\"Savourez un moment au Caf\u00e9 de l\u2019H\u00f4tel Flanelles, proche de la gare du Nord \u00e0 Paris, un espace pour vos coll\u00e8gues et vos proches.\" \/>\n<meta property=\"og:url\" content=\"https:\/\/hotelflanelles.fr\/de\/cafe-gare-du-nord\/\" \/>\n<meta property=\"og:site_name\" content=\"H\u00f4tel Flanelles\" \/>\n<meta property=\"article:modified_time\" content=\"2025-09-30T12:57:01+00:00\" \/>\n<meta property=\"og:image\" content=\"https:\/\/hotelflanelles.fr\/wp-content\/uploads\/2024\/03\/137FLANELLES-TRI24-032025-1.jpeg\" \/>\n\t<meta property=\"og:image:width\" content=\"1920\" \/>\n\t<meta property=\"og:image:height\" content=\"1280\" \/>\n\t<meta property=\"og:image:type\" content=\"image\/jpeg\" \/>\n<meta name=\"twitter:card\" content=\"summary_large_image\" \/>\n<meta name=\"twitter:label1\" content=\"Gesch\u00e4tzte Lesezeit\" \/>\n\t<meta name=\"twitter:data1\" content=\"5\u00a0Minuten\" \/>\n<script type=\"application\/ld+json\" class=\"yoast-schema-graph\">{\"@context\":\"https:\\\/\\\/schema.org\",\"@graph\":[{\"@type\":\"WebPage\",\"@id\":\"https:\\\/\\\/hotelflanelles.fr\\\/cafe-gare-du-nord\\\/\",\"url\":\"https:\\\/\\\/hotelflanelles.fr\\\/cafe-gare-du-nord\\\/\",\"name\":\"Caf\u00e9 proche de la gare du Nord | H\u00f4tel Flanelles \u00e0 Paris\",\"isPartOf\":{\"@id\":\"https:\\\/\\\/hotelflanelles.fr\\\/#website\"},\"primaryImageOfPage\":{\"@id\":\"https:\\\/\\\/hotelflanelles.fr\\\/cafe-gare-du-nord\\\/#primaryimage\"},\"image\":{\"@id\":\"https:\\\/\\\/hotelflanelles.fr\\\/cafe-gare-du-nord\\\/#primaryimage\"},\"thumbnailUrl\":\"https:\\\/\\\/hotelflanelles.fr\\\/wp-content\\\/uploads\\\/2024\\\/03\\\/137FLANELLES-TRI24-032025-1.jpeg\",\"datePublished\":\"2025-09-25T08:43:05+00:00\",\"dateModified\":\"2025-09-30T12:57:01+00:00\",\"description\":\"Savourez un moment au Caf\u00e9 de l\u2019H\u00f4tel Flanelles, proche de la gare du Nord \u00e0 Paris, un espace pour vos coll\u00e8gues et vos proches.\",\"breadcrumb\":{\"@id\":\"https:\\\/\\\/hotelflanelles.fr\\\/cafe-gare-du-nord\\\/#breadcrumb\"},\"inLanguage\":\"de\",\"potentialAction\":[{\"@type\":\"ReadAction\",\"target\":[\"https:\\\/\\\/hotelflanelles.fr\\\/cafe-gare-du-nord\\\/\"]}]},{\"@type\":\"ImageObject\",\"inLanguage\":\"de\",\"@id\":\"https:\\\/\\\/hotelflanelles.fr\\\/cafe-gare-du-nord\\\/#primaryimage\",\"url\":\"https:\\\/\\\/hotelflanelles.fr\\\/wp-content\\\/uploads\\\/2024\\\/03\\\/137FLANELLES-TRI24-032025-1.jpeg\",\"contentUrl\":\"https:\\\/\\\/hotelflanelles.fr\\\/wp-content\\\/uploads\\\/2024\\\/03\\\/137FLANELLES-TRI24-032025-1.jpeg\",\"width\":1920,\"height\":1280,\"caption\":\"Hotel \u00e9conomique dans le 10\u00e8me arrondissement proche Gare de l'Est\"},{\"@type\":\"BreadcrumbList\",\"@id\":\"https:\\\/\\\/hotelflanelles.fr\\\/cafe-gare-du-nord\\\/#breadcrumb\",\"itemListElement\":[{\"@type\":\"ListItem\",\"position\":1,\"name\":\"Accueil\",\"item\":\"https:\\\/\\\/hotelflanelles.fr\\\/\"},{\"@type\":\"ListItem\",\"position\":2,\"name\":\"Caf\u00e9 gare du Nord\"}]},{\"@type\":\"WebSite\",\"@id\":\"https:\\\/\\\/hotelflanelles.fr\\\/#website\",\"url\":\"https:\\\/\\\/hotelflanelles.fr\\\/\",\"name\":\"H\u00f4tel Flanelles\",\"description\":\"Ici les fl\u00e2neries sont \u00e0 demeure\",\"potentialAction\":[{\"@type\":\"SearchAction\",\"target\":{\"@type\":\"EntryPoint\",\"urlTemplate\":\"https:\\\/\\\/hotelflanelles.fr\\\/?s={search_term_string}\"},\"query-input\":{\"@type\":\"PropertyValueSpecification\",\"valueRequired\":true,\"valueName\":\"search_term_string\"}}],\"inLanguage\":\"de\"}]}<\/script>\n<!-- \/ Yoast SEO plugin. -->","yoast_head_json":{"title":"Caf\u00e9 proche de la gare du Nord | H\u00f4tel Flanelles \u00e0 Paris","description":"Savourez un moment au Caf\u00e9 de l\u2019H\u00f4tel Flanelles, proche de la gare du Nord \u00e0 Paris, un espace pour vos coll\u00e8gues et vos proches.","robots":{"index":"index","follow":"follow","max-snippet":"max-snippet:-1","max-image-preview":"max-image-preview:large","max-video-preview":"max-video-preview:-1"},"canonical":"https:\/\/hotelflanelles.fr\/de\/cafe-gare-du-nord\/","og_locale":"de_DE","og_type":"article","og_title":"Caf\u00e9 proche de la gare du Nord | H\u00f4tel Flanelles \u00e0 Paris","og_description":"Savourez un moment au Caf\u00e9 de l\u2019H\u00f4tel Flanelles, proche de la gare du Nord \u00e0 Paris, un espace pour vos coll\u00e8gues et vos proches.","og_url":"https:\/\/hotelflanelles.fr\/de\/cafe-gare-du-nord\/","og_site_name":"H\u00f4tel Flanelles","article_modified_time":"2025-09-30T12:57:01+00:00","og_image":[{"width":1920,"height":1280,"url":"https:\/\/hotelflanelles.fr\/wp-content\/uploads\/2024\/03\/137FLANELLES-TRI24-032025-1.jpeg","type":"image\/jpeg"}],"twitter_card":"summary_large_image","twitter_misc":{"Gesch\u00e4tzte Lesezeit":"5\u00a0Minuten"},"schema":{"@context":"https:\/\/schema.org","@graph":[{"@type":"WebPage","@id":"https:\/\/hotelflanelles.fr\/cafe-gare-du-nord\/","url":"https:\/\/hotelflanelles.fr\/cafe-gare-du-nord\/","name":"Caf\u00e9 proche de la gare du Nord | H\u00f4tel Flanelles \u00e0 Paris","isPartOf":{"@id":"https:\/\/hotelflanelles.fr\/#website"},"primaryImageOfPage":{"@id":"https:\/\/hotelflanelles.fr\/cafe-gare-du-nord\/#primaryimage"},"image":{"@id":"https:\/\/hotelflanelles.fr\/cafe-gare-du-nord\/#primaryimage"},"thumbnailUrl":"https:\/\/hotelflanelles.fr\/wp-content\/uploads\/2024\/03\/137FLANELLES-TRI24-032025-1.jpeg","datePublished":"2025-09-25T08:43:05+00:00","dateModified":"2025-09-30T12:57:01+00:00","description":"Savourez un moment au Caf\u00e9 de l\u2019H\u00f4tel Flanelles, proche de la gare du Nord \u00e0 Paris, un espace pour vos coll\u00e8gues et vos proches.","breadcrumb":{"@id":"https:\/\/hotelflanelles.fr\/cafe-gare-du-nord\/#breadcrumb"},"inLanguage":"de","potentialAction":[{"@type":"ReadAction","target":["https:\/\/hotelflanelles.fr\/cafe-gare-du-nord\/"]}]},{"@type":"ImageObject","inLanguage":"de","@id":"https:\/\/hotelflanelles.fr\/cafe-gare-du-nord\/#primaryimage","url":"https:\/\/hotelflanelles.fr\/wp-content\/uploads\/2024\/03\/137FLANELLES-TRI24-032025-1.jpeg","contentUrl":"https:\/\/hotelflanelles.fr\/wp-content\/uploads\/2024\/03\/137FLANELLES-TRI24-032025-1.jpeg","width":1920,"height":1280,"caption":"Hotel \u00e9conomique dans le 10\u00e8me arrondissement proche Gare de l'Est"},{"@type":"BreadcrumbList","@id":"https:\/\/hotelflanelles.fr\/cafe-gare-du-nord\/#breadcrumb","itemListElement":[{"@type":"ListItem","position":1,"name":"Accueil","item":"https:\/\/hotelflanelles.fr\/"},{"@type":"ListItem","position":2,"name":"Caf\u00e9 gare du Nord"}]},{"@type":"WebSite","@id":"https:\/\/hotelflanelles.fr\/#website","url":"https:\/\/hotelflanelles.fr\/","name":"H\u00f4tel Flanelles","description":"Ici les fl\u00e2neries sont \u00e0 demeure","potentialAction":[{"@type":"SearchAction","target":{"@type":"EntryPoint","urlTemplate":"https:\/\/hotelflanelles.fr\/?s={search_term_string}"},"query-input":{"@type":"PropertyValueSpecification","valueRequired":true,"valueName":"search_term_string"}}],"inLanguage":"de"}]}},"_links":{"self":[{"href":"https:\/\/hotelflanelles.fr\/de\/wp-json\/wp\/v2\/pages\/3167","targetHints":{"allow":["GET"]}}],"collection":[{"href":"https:\/\/hotelflanelles.fr\/de\/wp-json\/wp\/v2\/pages"}],"about":[{"href":"https:\/\/hotelflanelles.fr\/de\/wp-json\/wp\/v2\/types\/page"}],"author":[{"embeddable":true,"href":"https:\/\/hotelflanelles.fr\/de\/wp-json\/wp\/v2\/users\/1"}],"replies":[{"embeddable":true,"href":"https:\/\/hotelflanelles.fr\/de\/wp-json\/wp\/v2\/comments?post=3167"}],"version-history":[{"count":10,"href":"https:\/\/hotelflanelles.fr\/de\/wp-json\/wp\/v2\/pages\/3167\/revisions"}],"predecessor-version":[{"id":3290,"href":"https:\/\/hotelflanelles.fr\/de\/wp-json\/wp\/v2\/pages\/3167\/revisions\/3290"}],"wp:featuredmedia":[{"embeddable":true,"href":"https:\/\/hotelflanelles.fr\/de\/wp-json\/wp\/v2\/media\/2067"}],"wp:attachment":[{"href":"https:\/\/hotelflanelles.fr\/de\/wp-json\/wp\/v2\/media?parent=3167"}],"curies":[{"name":"wp","href":"https:\/\/api.w.org\/{rel}","templated":true}]}}